{"id":2446,"date":"2023-02-14T15:01:19","date_gmt":"2023-02-14T14:01:19","guid":{"rendered":"https:\/\/app.feddet.dk\/overnatning\/premium-ferienhaus\/"},"modified":"2026-02-12T11:30:53","modified_gmt":"2026-02-12T10:30:53","slug":"premium-ferienhaus","status":"publish","type":"overnatning","link":"https:\/\/app.feddet.dk\/de\/unterkunft\/premium-ferienhaus\/","title":{"rendered":"Spa-Villa"},"content":{"rendered":"\t\t<div data-elementor-type=\"wp-post\" data-elementor-id=\"2446\" class=\"elementor elementor-2446 elementor-969\" data-elementor-post-type=\"overnatning\">\n\t\t\t\t\t\t<section class=\"elementor-section elementor-top-section elementor-element elementor-element-fb14be0 elementor-section-full_width elementor-section-height-min-height elementor-section-stretched elementor-section-height-default elementor-section-items-middle exad-glass-effect-no exad-sticky-section-no\" data-id=\"fb14be0\" data-element_type=\"section\" data-settings=\"{&quot;stretch_section&quot;:&quot;section-stretched&quot;,&quot;background_background&quot;:&quot;classic&quot;,&quot;shape_divider_bottom&quot;:&quot;waves&quot;}\">\n\t\t\t\t\t\t\t<div class=\"elementor-background-overlay\"><\/div>\n\t\t\t\t\t\t<div class=\"elementor-shape elementor-shape-bottom\" data-negative=\"false\">\n\t\t\t<svg xmlns=\"http:\/\/www.w3.org\/2000\/svg\" viewBox=\"0 0 1000 100\" preserveAspectRatio=\"none\">\n\t<path class=\"elementor-shape-fill\" d=\"M421.9,6.5c22.6-2.5,51.5,0.4,75.5,5.3c23.6,4.9,70.9,23.5,100.5,35.7c75.8,32.2,133.7,44.5,192.6,49.7\n\tc23.6,2.1,48.7,3.5,103.4-2.5c54.7-6,106.2-25.6,106.2-25.6V0H0v30.3c0,0,72,32.6,158.4,30.5c39.2-0.7,92.8-6.7,134-22.4\n\tc21.2-8.1,52.2-18.2,79.7-24.2C399.3,7.9,411.6,7.5,421.9,6.5z\"\/>\n<\/svg>\t\t<\/div>\n\t\t\t\t\t<div class=\"elementor-container elementor-column-gap-default\">\n\t\t\t\t\t<div class=\"elementor-column elementor-col-100 elementor-top-column elementor-element elementor-element-23cbe27 exad-glass-effect-no exad-sticky-section-no\" data-id=\"23cbe27\" data-element_type=\"column\">\n\t\t\t<div class=\"elementor-widget-wrap elementor-element-populated\">\n\t\t\t\t\t\t<div class=\"elementor-element elementor-element-f695fdc exad-sticky-section-no exad-glass-effect-no elementor-widget elementor-widget-heading\" data-id=\"f695fdc\" data-element_type=\"widget\" data-widget_type=\"heading.default\">\n\t\t\t\t<div class=\"elementor-widget-container\">\n\t\t\t\t\t<h1 class=\"elementor-heading-title elementor-size-default\">Spa-Villa<\/h1>\t\t\t\t<\/div>\n\t\t\t\t<\/div>\n\t\t\t\t<div class=\"elementor-element elementor-element-4fc2654 elementor-align-center exad-sticky-section-no exad-glass-effect-no elementor-widget elementor-widget-button\" data-id=\"4fc2654\" data-element_type=\"widget\" data-widget_type=\"button.default\">\n\t\t\t\t<div class=\"elementor-widget-container\">\n\t\t\t\t\t\t\t\t\t<div class=\"elementor-button-wrapper\">\n\t\t\t\t\t<a class=\"elementor-button elementor-button-link elementor-size-sm\" href=\"#kaffe\">\n\t\t\t\t\t\t<span class=\"elementor-button-content-wrapper\">\n\t\t\t\t\t\t\t\t\t<span class=\"elementor-button-text\">Klicken Sie hier, um zu sehen, wie die Kaffeemaschine funktioniert<\/span>\n\t\t\t\t\t<\/span>\n\t\t\t\t\t<\/a>\n\t\t\t\t<\/div>\n\t\t\t\t\t\t\t\t<\/div>\n\t\t\t\t<\/div>\n\t\t\t\t\t<\/div>\n\t\t<\/div>\n\t\t\t\t\t<\/div>\n\t\t<\/section>\n\t\t\t\t<section class=\"elementor-section elementor-top-section elementor-element elementor-element-4079b6bb elementor-section-boxed elementor-section-height-default elementor-section-height-default exad-glass-effect-no exad-sticky-section-no\" data-id=\"4079b6bb\" data-element_type=\"section\">\n\t\t\t\t\t\t<div class=\"elementor-container elementor-column-gap-default\">\n\t\t\t\t\t<div class=\"elementor-column elementor-col-100 elementor-top-column elementor-element elementor-element-3b94ce6d exad-glass-effect-no exad-sticky-section-no\" data-id=\"3b94ce6d\" data-element_type=\"column\">\n\t\t\t<div class=\"elementor-widget-wrap elementor-element-populated\">\n\t\t\t\t\t\t<div class=\"elementor-element elementor-element-f47a133 exad-sticky-section-no exad-glass-effect-no elementor-widget elementor-widget-global elementor-global-6130 elementor-global-6124 elementor-widget-button\" data-id=\"f47a133\" data-element_type=\"widget\" data-widget_type=\"button.default\">\n\t\t\t\t<div class=\"elementor-widget-container\">\n\t\t\t\t\t\t\t\t\t<div class=\"elementor-button-wrapper\">\n\t\t\t\t\t<a class=\"elementor-button elementor-button-link elementor-size-sm\" href=\"https:\/\/app.feddet.dk\/de\/unterkunft\/\">\n\t\t\t\t\t\t<span class=\"elementor-button-content-wrapper\">\n\t\t\t\t\t\t<span class=\"elementor-button-icon\">\n\t\t\t\t<i aria-hidden=\"true\" class=\"feather icon-chevron-left\"><\/i>\t\t\t<\/span>\n\t\t\t\t\t\t\t\t\t<span class=\"elementor-button-text\">Zur\u00fcck<\/span>\n\t\t\t\t\t<\/span>\n\t\t\t\t\t<\/a>\n\t\t\t\t<\/div>\n\t\t\t\t\t\t\t\t<\/div>\n\t\t\t\t<\/div>\n\t\t\t\t<div class=\"elementor-element elementor-element-43a8d60b exad-sticky-section-no exad-glass-effect-no elementor-widget elementor-widget-text-editor\" data-id=\"43a8d60b\" data-element_type=\"widget\" data-widget_type=\"text-editor.default\">\n\t\t\t\t<div class=\"elementor-widget-container\">\n\t\t\t\t\t\t\t\t\t<h3 dir=\"ltr\"><strong>Willkommen in einer Spa-Villa<\/strong><\/h3>\n<p dir=\"ltr\">WICHTIG: Der Strom ist eingeschaltet und der K\u00fchlschrank ist eingeschaltet. Der Stromverbrauch wird bei der Abreise abgerechnet. Der Strom muss abgelesen werden. Der abzulesende Z\u00e4hler befindet sich im K\u00fcchenschrank, der der Eingangst\u00fcr am n\u00e4chsten ist. Notieren Sie die Nummer in der Willkommensbrosch\u00fcre oder fotografieren Sie den Z\u00e4hler bei Ankunft und Abreise. Das Willkommensprospekt\/Foto muss beim Check-out an der Rezeption abgegeben werden.&nbsp;<\/p>\t\t\t\t\t\t\t\t<\/div>\n\t\t\t\t<\/div>\n\t\t\t\t<div class=\"elementor-element elementor-element-d246e98 exad-sticky-section-no exad-glass-effect-no elementor-widget elementor-widget-heading\" data-id=\"d246e98\" data-element_type=\"widget\" data-widget_type=\"heading.default\">\n\t\t\t\t<div class=\"elementor-widget-container\">\n\t\t\t\t\t<h3 class=\"elementor-heading-title elementor-size-default\">FAQ - H\u00e4ufig gestellte Fragen<\/h3>\t\t\t\t<\/div>\n\t\t\t\t<\/div>\n\t\t\t\t<div class=\"elementor-element elementor-element-949c950 exad-sticky-section-no exad-glass-effect-no elementor-widget elementor-widget-toggle\" data-id=\"949c950\" data-element_type=\"widget\" data-widget_type=\"toggle.default\">\n\t\t\t\t<div class=\"elementor-widget-container\">\n\t\t\t\t\t\t\t<div class=\"elementor-toggle\">\n\t\t\t\t\t\t\t<div class=\"elementor-toggle-item\">\n\t\t\t\t\t<div id=\"elementor-tab-title-1551\" class=\"elementor-tab-title\" data-tab=\"1\" role=\"button\" aria-controls=\"elementor-tab-content-1551\" aria-expanded=\"false\">\n\t\t\t\t\t\t\t\t\t\t\t\t<span class=\"elementor-toggle-icon elementor-toggle-icon-left\" aria-hidden=\"true\">\n\t\t\t\t\t\t\t\t\t\t\t\t\t\t\t<span class=\"elementor-toggle-icon-closed\"><i class=\"fas fa-caret-right\"><\/i><\/span>\n\t\t\t\t\t\t\t\t<span class=\"elementor-toggle-icon-opened\"><i class=\"elementor-toggle-icon-opened fas fa-caret-up\"><\/i><\/span>\n\t\t\t\t\t\t\t\t\t\t\t\t\t<\/span>\n\t\t\t\t\t\t\t\t\t\t\t\t<a class=\"elementor-toggle-title\" tabindex=\"0\">Einchecken und Auschecken<\/a>\n\t\t\t\t\t<\/div>\n\n\t\t\t\t\t<div id=\"elementor-tab-content-1551\" class=\"elementor-tab-content elementor-clearfix\" data-tab=\"1\" role=\"region\" aria-labelledby=\"elementor-tab-title-1551\"><p>Check-in ab 15:00 Uhr am Tag der Ankunft<br \/>Check-out bis 11:00 Uhr am Tag der Abreise<\/p>\n<\/div>\n\t\t\t\t<\/div>\n\t\t\t\t\t\t\t<div class=\"elementor-toggle-item\">\n\t\t\t\t\t<div id=\"elementor-tab-title-1552\" class=\"elementor-tab-title\" data-tab=\"2\" role=\"button\" aria-controls=\"elementor-tab-content-1552\" aria-expanded=\"false\">\n\t\t\t\t\t\t\t\t\t\t\t\t<span class=\"elementor-toggle-icon elementor-toggle-icon-left\" aria-hidden=\"true\">\n\t\t\t\t\t\t\t\t\t\t\t\t\t\t\t<span class=\"elementor-toggle-icon-closed\"><i class=\"fas fa-caret-right\"><\/i><\/span>\n\t\t\t\t\t\t\t\t<span class=\"elementor-toggle-icon-opened\"><i class=\"elementor-toggle-icon-opened fas fa-caret-up\"><\/i><\/span>\n\t\t\t\t\t\t\t\t\t\t\t\t\t<\/span>\n\t\t\t\t\t\t\t\t\t\t\t\t<a class=\"elementor-toggle-title\" tabindex=\"0\">Die \u00d6ffnungszeiten<\/a>\n\t\t\t\t\t<\/div>\n\n\t\t\t\t\t<div id=\"elementor-tab-content-1552\" class=\"elementor-tab-content elementor-clearfix\" data-tab=\"2\" role=\"region\" aria-labelledby=\"elementor-tab-title-1552\"><style>csw-activity-calendar::part(activity-text) {\n  font-size: 14px !important;\n  font-family: Lato;<\/p>\n<p>}<\/style>\n<p><csw-activity-calendar code=\"ec0748ec-13ff-49f5-88f5-bcffcea3443f\"><br \/>\n  <csw-activity-calendar-filter><\/csw-activity-calendar-filter><br \/>\n  <csw-activity-calendar-locations><\/csw-activity-calendar-locations><br \/>\n  <csw-activity-calendar-events><\/csw-activity-calendar-events><br \/>\n  <csw-activity-calendar-actions><\/csw-activity-calendar-actions><br \/>\n<\/csw-activity-calendar><br \/>\n<script src=\"https:\/\/shared.compusuite.dk\/loaders\/activity-calendar.js\"><\/script><\/p>\n<\/div>\n\t\t\t\t<\/div>\n\t\t\t\t\t\t\t<div class=\"elementor-toggle-item\">\n\t\t\t\t\t<div id=\"elementor-tab-title-1553\" class=\"elementor-tab-title\" data-tab=\"3\" role=\"button\" aria-controls=\"elementor-tab-content-1553\" aria-expanded=\"false\">\n\t\t\t\t\t\t\t\t\t\t\t\t<span class=\"elementor-toggle-icon elementor-toggle-icon-left\" aria-hidden=\"true\">\n\t\t\t\t\t\t\t\t\t\t\t\t\t\t\t<span class=\"elementor-toggle-icon-closed\"><i class=\"fas fa-caret-right\"><\/i><\/span>\n\t\t\t\t\t\t\t\t<span class=\"elementor-toggle-icon-opened\"><i class=\"elementor-toggle-icon-opened fas fa-caret-up\"><\/i><\/span>\n\t\t\t\t\t\t\t\t\t\t\t\t\t<\/span>\n\t\t\t\t\t\t\t\t\t\t\t\t<a class=\"elementor-toggle-title\" tabindex=\"0\">Versp\u00e4tete Ankunft<\/a>\n\t\t\t\t\t<\/div>\n\n\t\t\t\t\t<div id=\"elementor-tab-content-1553\" class=\"elementor-tab-content elementor-clearfix\" data-tab=\"3\" role=\"region\" aria-labelledby=\"elementor-tab-title-1553\"><p>Wenn Sie au\u00dferhalb der \u00d6ffnungszeiten der Rezeption ankommen, k\u00f6nnen Sie Ihren Schl\u00fcssel und Ihre Karte an unserer Kasse abholen. Der Code und die Informationen dazu werden Ihnen kurz vor Ihrer Ankunft per E-Mail zugesandt.<\/p>\n<\/div>\n\t\t\t\t<\/div>\n\t\t\t\t\t\t\t<div class=\"elementor-toggle-item\">\n\t\t\t\t\t<div id=\"elementor-tab-title-1554\" class=\"elementor-tab-title\" data-tab=\"4\" role=\"button\" aria-controls=\"elementor-tab-content-1554\" aria-expanded=\"false\">\n\t\t\t\t\t\t\t\t\t\t\t\t<span class=\"elementor-toggle-icon elementor-toggle-icon-left\" aria-hidden=\"true\">\n\t\t\t\t\t\t\t\t\t\t\t\t\t\t\t<span class=\"elementor-toggle-icon-closed\"><i class=\"fas fa-caret-right\"><\/i><\/span>\n\t\t\t\t\t\t\t\t<span class=\"elementor-toggle-icon-opened\"><i class=\"elementor-toggle-icon-opened fas fa-caret-up\"><\/i><\/span>\n\t\t\t\t\t\t\t\t\t\t\t\t\t<\/span>\n\t\t\t\t\t\t\t\t\t\t\t\t<a class=\"elementor-toggle-title\" tabindex=\"0\">Schl\u00fcssel und Zugangskarten<\/a>\n\t\t\t\t\t<\/div>\n\n\t\t\t\t\t<div id=\"elementor-tab-content-1554\" class=\"elementor-tab-content elementor-clearfix\" data-tab=\"4\" role=\"region\" aria-labelledby=\"elementor-tab-title-1554\"><p>Wenn Sie einen zus\u00e4tzlichen Schl\u00fcssel f\u00fcr die Villa ben\u00f6tigen, k\u00f6nnen Sie ihn an der Rezeption abholen. Zusammen mit dem Schl\u00fcssel zur Villa erhalten Sie eine blaue Chipkarte. Die Chipkarte dient als Mautkarte f\u00fcr die Ein- und Ausfahrt und als Zugangskarte f\u00fcr die Aktivit\u00e4tszentren PlayZone, GameZone, Fitness und Pool &amp; Spa. Alle genannten Aktivit\u00e4ten sind im Aufenthalt inbegriffen. Halten Sie einfach die Karte vor den Kartenleser, um Zugang zu erhalten. Sie k\u00f6nnen immer mehrere Karten mit Ihrem Aufenthalt verbinden.<\/p>\n<\/div>\n\t\t\t\t<\/div>\n\t\t\t\t\t\t\t<div class=\"elementor-toggle-item\">\n\t\t\t\t\t<div id=\"elementor-tab-title-1555\" class=\"elementor-tab-title\" data-tab=\"5\" role=\"button\" aria-controls=\"elementor-tab-content-1555\" aria-expanded=\"false\">\n\t\t\t\t\t\t\t\t\t\t\t\t<span class=\"elementor-toggle-icon elementor-toggle-icon-left\" aria-hidden=\"true\">\n\t\t\t\t\t\t\t\t\t\t\t\t\t\t\t<span class=\"elementor-toggle-icon-closed\"><i class=\"fas fa-caret-right\"><\/i><\/span>\n\t\t\t\t\t\t\t\t<span class=\"elementor-toggle-icon-opened\"><i class=\"elementor-toggle-icon-opened fas fa-caret-up\"><\/i><\/span>\n\t\t\t\t\t\t\t\t\t\t\t\t\t<\/span>\n\t\t\t\t\t\t\t\t\t\t\t\t<a class=\"elementor-toggle-title\" tabindex=\"0\">Irrt\u00fcmer und Auslassungen<\/a>\n\t\t\t\t\t<\/div>\n\n\t\t\t\t\t<div id=\"elementor-tab-content-1555\" class=\"elementor-tab-content elementor-clearfix\" data-tab=\"5\" role=\"region\" aria-labelledby=\"elementor-tab-title-1555\"><p>Sollten Sie bei Ihrer Ankunft in der Villa Fehler, M\u00e4ngel oder andere unbefriedigende Zust\u00e4nde feststellen, wenden Sie sich bitte so schnell wie m\u00f6glich an die Rezeption, damit wir eventuelle Fehler oder M\u00e4ngel beheben k\u00f6nnen.<\/p>\n<\/div>\n\t\t\t\t<\/div>\n\t\t\t\t\t\t\t<div class=\"elementor-toggle-item\">\n\t\t\t\t\t<div id=\"elementor-tab-title-1556\" class=\"elementor-tab-title\" data-tab=\"6\" role=\"button\" aria-controls=\"elementor-tab-content-1556\" aria-expanded=\"false\">\n\t\t\t\t\t\t\t\t\t\t\t\t<span class=\"elementor-toggle-icon elementor-toggle-icon-left\" aria-hidden=\"true\">\n\t\t\t\t\t\t\t\t\t\t\t\t\t\t\t<span class=\"elementor-toggle-icon-closed\"><i class=\"fas fa-caret-right\"><\/i><\/span>\n\t\t\t\t\t\t\t\t<span class=\"elementor-toggle-icon-opened\"><i class=\"elementor-toggle-icon-opened fas fa-caret-up\"><\/i><\/span>\n\t\t\t\t\t\t\t\t\t\t\t\t\t<\/span>\n\t\t\t\t\t\t\t\t\t\t\t\t<a class=\"elementor-toggle-title\" tabindex=\"0\">Spa im Freien<\/a>\n\t\t\t\t\t<\/div>\n\n\t\t\t\t\t<div id=\"elementor-tab-content-1556\" class=\"elementor-tab-content elementor-clearfix\" data-tab=\"6\" role=\"region\" aria-labelledby=\"elementor-tab-title-1556\"><p dir=\"ltr\">In der Ferienvilla steht Ihnen ein eigenes Outdoor-Spa zur Verf\u00fcgung. Wir k\u00fcmmern uns um die Reinigung und die Chemikalien, so dass Sie nur noch das Spa genie\u00dfen m\u00fcssen. Denken Sie daran, den Deckel wieder aufzusetzen, sobald Sie den Whirlpool nicht mehr benutzen. Das ist nicht nur aus Gr\u00fcnden des Energieverbrauchs wichtig, sondern auch, damit das Chlor nicht zu schnell aus dem Whirlpool verschwindet.<\/p>\n<p dir=\"ltr\">An der Seite des Whirlpools befindet sich ein Bedienfeld, \u00fcber das Sie die verschiedenen D\u00fcsen und Lichter einstellen k\u00f6nnen. Bitte \u00fcberpr\u00fcfen Sie bei Ihrer Ankunft, ob der Whirlpool die gew\u00fcnschte Temperatur hat, damit wir eventuelle Probleme so schnell wie m\u00f6glich beheben k\u00f6nnen. Der Whirlpool wird normalerweise bei der Ankunft auf etwa 38 Grad vorgeheizt.  <\/p>\n<p dir=\"ltr\">Es ist normal, dass der Whirlpool sporadisch anl\u00e4uft, da das Wasser automatisch kontinuierlich gereinigt wird. Es ist daher nicht erlaubt, den Whirlpool an den Sicherungen\/Schaltern auszuschalten.<\/p>\n<\/div>\n\t\t\t\t<\/div>\n\t\t\t\t\t\t\t<div class=\"elementor-toggle-item\">\n\t\t\t\t\t<div id=\"elementor-tab-title-1557\" class=\"elementor-tab-title\" data-tab=\"7\" role=\"button\" aria-controls=\"elementor-tab-content-1557\" aria-expanded=\"false\">\n\t\t\t\t\t\t\t\t\t\t\t\t<span class=\"elementor-toggle-icon elementor-toggle-icon-left\" aria-hidden=\"true\">\n\t\t\t\t\t\t\t\t\t\t\t\t\t\t\t<span class=\"elementor-toggle-icon-closed\"><i class=\"fas fa-caret-right\"><\/i><\/span>\n\t\t\t\t\t\t\t\t<span class=\"elementor-toggle-icon-opened\"><i class=\"elementor-toggle-icon-opened fas fa-caret-up\"><\/i><\/span>\n\t\t\t\t\t\t\t\t\t\t\t\t\t<\/span>\n\t\t\t\t\t\t\t\t\t\t\t\t<a class=\"elementor-toggle-title\" tabindex=\"0\">Dusche im Freien<\/a>\n\t\t\t\t\t<\/div>\n\n\t\t\t\t\t<div id=\"elementor-tab-content-1557\" class=\"elementor-tab-content elementor-clearfix\" data-tab=\"7\" role=\"region\" aria-labelledby=\"elementor-tab-title-1557\"><p>Au\u00dferhalb der Wintersaison finden Sie an der Ferienvilla eine Au\u00dfendusche. Benutzen Sie es nach einem Strand- oder Wellnessaufenthalt, um Sand und Schmutz im Abfluss des Badezimmers zu vermeiden. Wir k\u00f6nnen auch ein morgendliches Bad unter der Au\u00dfendusche empfehlen. In der Villa finden Sie Badem\u00e4ntel zur kostenlosen Nutzung.<\/p>\n<\/div>\n\t\t\t\t<\/div>\n\t\t\t\t\t\t\t<div class=\"elementor-toggle-item\">\n\t\t\t\t\t<div id=\"elementor-tab-title-1558\" class=\"elementor-tab-title\" data-tab=\"8\" role=\"button\" aria-controls=\"elementor-tab-content-1558\" aria-expanded=\"false\">\n\t\t\t\t\t\t\t\t\t\t\t\t<span class=\"elementor-toggle-icon elementor-toggle-icon-left\" aria-hidden=\"true\">\n\t\t\t\t\t\t\t\t\t\t\t\t\t\t\t<span class=\"elementor-toggle-icon-closed\"><i class=\"fas fa-caret-right\"><\/i><\/span>\n\t\t\t\t\t\t\t\t<span class=\"elementor-toggle-icon-opened\"><i class=\"elementor-toggle-icon-opened fas fa-caret-up\"><\/i><\/span>\n\t\t\t\t\t\t\t\t\t\t\t\t\t<\/span>\n\t\t\t\t\t\t\t\t\t\t\t\t<a class=\"elementor-toggle-title\" tabindex=\"0\">Abfall<\/a>\n\t\t\t\t\t<\/div>\n\n\t\t\t\t\t<div id=\"elementor-tab-content-1558\" class=\"elementor-tab-content elementor-clearfix\" data-tab=\"8\" role=\"region\" aria-labelledby=\"elementor-tab-title-1558\"><p>Es ist NICHT erlaubt, Abf\u00e4lle auf der Terrasse oder im Freien zu hinterlassen, da die Waldtiere nachts kommen und die Abf\u00e4lle in der Umgebung verteilen. Direkt neben den Ferienvillen finden Sie eine M\u00fcllstation. Hier k\u00f6nnen Sie Ihren Abfall abgeben. Bitte beachten Sie, dass die Abf\u00e4lle in die folgenden Kategorien eingeteilt werden m\u00fcssen:<\/p>\n<ul>\n<li>Restm\u00fcll<\/li>\n<li>Lebensmittelabf\u00e4lle<\/li>\n<li>Weiche\/harte Kunststoffe und Kartons f\u00fcr Lebensmittel und Getr\u00e4nke<\/li>\n<li>Papier und kleine Gegenst\u00e4nde<\/li>\n<li>Metall<\/li>\n<li>Glas<\/li>\n<\/ul>\n<p><a href=\"https:\/\/faxeforsyning.dk\/sites\/faxeforsyning.dk\/files\/media\/document\/Sorteringsvejledning_K%C3%B8leskabsversion.pdf\" target=\"_blank\" rel=\"noopener\" data-cke-saved-href=\"https:\/\/faxeforsyning.dk\/sites\/faxeforsyning.dk\/files\/media\/document\/Sorteringsvejledning_K%C3%B8leskabsversion.pdf\">Die vollst\u00e4ndigen Sortieranweisungen finden Sie hier.<\/a><\/p>\n<\/div>\n\t\t\t\t<\/div>\n\t\t\t\t\t\t\t<div class=\"elementor-toggle-item\">\n\t\t\t\t\t<div id=\"elementor-tab-title-1559\" class=\"elementor-tab-title\" data-tab=\"9\" role=\"button\" aria-controls=\"elementor-tab-content-1559\" aria-expanded=\"false\">\n\t\t\t\t\t\t\t\t\t\t\t\t<span class=\"elementor-toggle-icon elementor-toggle-icon-left\" aria-hidden=\"true\">\n\t\t\t\t\t\t\t\t\t\t\t\t\t\t\t<span class=\"elementor-toggle-icon-closed\"><i class=\"fas fa-caret-right\"><\/i><\/span>\n\t\t\t\t\t\t\t\t<span class=\"elementor-toggle-icon-opened\"><i class=\"elementor-toggle-icon-opened fas fa-caret-up\"><\/i><\/span>\n\t\t\t\t\t\t\t\t\t\t\t\t\t<\/span>\n\t\t\t\t\t\t\t\t\t\t\t\t<a class=\"elementor-toggle-title\" tabindex=\"0\">Grill<\/a>\n\t\t\t\t\t<\/div>\n\n\t\t\t\t\t<div id=\"elementor-tab-content-1559\" class=\"elementor-tab-content elementor-clearfix\" data-tab=\"9\" role=\"region\" aria-labelledby=\"elementor-tab-title-1559\"><p dir=\"ltr\">In der Villa gibt es einen Gasgrill. Wenn Sie feststellen, dass Gas fehlt, wenden Sie sich einfach an die Rezeption.<\/p>\n<\/div>\n\t\t\t\t<\/div>\n\t\t\t\t\t\t\t<div class=\"elementor-toggle-item\">\n\t\t\t\t\t<div id=\"elementor-tab-title-15510\" class=\"elementor-tab-title\" data-tab=\"10\" role=\"button\" aria-controls=\"elementor-tab-content-15510\" aria-expanded=\"false\">\n\t\t\t\t\t\t\t\t\t\t\t\t<span class=\"elementor-toggle-icon elementor-toggle-icon-left\" aria-hidden=\"true\">\n\t\t\t\t\t\t\t\t\t\t\t\t\t\t\t<span class=\"elementor-toggle-icon-closed\"><i class=\"fas fa-caret-right\"><\/i><\/span>\n\t\t\t\t\t\t\t\t<span class=\"elementor-toggle-icon-opened\"><i class=\"elementor-toggle-icon-opened fas fa-caret-up\"><\/i><\/span>\n\t\t\t\t\t\t\t\t\t\t\t\t\t<\/span>\n\t\t\t\t\t\t\t\t\t\t\t\t<a class=\"elementor-toggle-title\" tabindex=\"0\">Espressomaschine<\/a>\n\t\t\t\t\t<\/div>\n\n\t\t\t\t\t<div id=\"elementor-tab-content-15510\" class=\"elementor-tab-content elementor-clearfix\" data-tab=\"10\" role=\"region\" aria-labelledby=\"elementor-tab-title-15510\"><p dir=\"ltr\">Die Espressomaschine ist mit Bohnen gef\u00fcllt. Wenn Sie die Maschine mit weiteren Kaffeebohnen nachf\u00fcllen m\u00fcssen, m\u00fcssen Sie diese selbst kaufen.  <\/p>\n<\/div>\n\t\t\t\t<\/div>\n\t\t\t\t\t\t\t<div class=\"elementor-toggle-item\">\n\t\t\t\t\t<div id=\"elementor-tab-title-15511\" class=\"elementor-tab-title\" data-tab=\"11\" role=\"button\" aria-controls=\"elementor-tab-content-15511\" aria-expanded=\"false\">\n\t\t\t\t\t\t\t\t\t\t\t\t<span class=\"elementor-toggle-icon elementor-toggle-icon-left\" aria-hidden=\"true\">\n\t\t\t\t\t\t\t\t\t\t\t\t\t\t\t<span class=\"elementor-toggle-icon-closed\"><i class=\"fas fa-caret-right\"><\/i><\/span>\n\t\t\t\t\t\t\t\t<span class=\"elementor-toggle-icon-opened\"><i class=\"elementor-toggle-icon-opened fas fa-caret-up\"><\/i><\/span>\n\t\t\t\t\t\t\t\t\t\t\t\t\t<\/span>\n\t\t\t\t\t\t\t\t\t\t\t\t<a class=\"elementor-toggle-title\" tabindex=\"0\">Parken<\/a>\n\t\t\t\t\t<\/div>\n\n\t\t\t\t\t<div id=\"elementor-tab-content-15511\" class=\"elementor-tab-content elementor-clearfix\" data-tab=\"11\" role=\"region\" aria-labelledby=\"elementor-tab-title-15511\"><p>Sie k\u00f6nnen vor der Villa parken, zwei Autos k\u00f6nnen geparkt werden.  <\/p>\n<p class=\"p1\">Wenn Sie G\u00e4ste haben, m\u00fcssen diese auf dem gro\u00dfen Parkplatz parken, wo Sie nach den aktuellen Tarifen zahlen.<\/p>\n<\/div>\n\t\t\t\t<\/div>\n\t\t\t\t\t\t\t<div class=\"elementor-toggle-item\">\n\t\t\t\t\t<div id=\"elementor-tab-title-15512\" class=\"elementor-tab-title\" data-tab=\"12\" role=\"button\" aria-controls=\"elementor-tab-content-15512\" aria-expanded=\"false\">\n\t\t\t\t\t\t\t\t\t\t\t\t<span class=\"elementor-toggle-icon elementor-toggle-icon-left\" aria-hidden=\"true\">\n\t\t\t\t\t\t\t\t\t\t\t\t\t\t\t<span class=\"elementor-toggle-icon-closed\"><i class=\"fas fa-caret-right\"><\/i><\/span>\n\t\t\t\t\t\t\t\t<span class=\"elementor-toggle-icon-opened\"><i class=\"elementor-toggle-icon-opened fas fa-caret-up\"><\/i><\/span>\n\t\t\t\t\t\t\t\t\t\t\t\t\t<\/span>\n\t\t\t\t\t\t\t\t\t\t\t\t<a class=\"elementor-toggle-title\" tabindex=\"0\">Elektroauto<\/a>\n\t\t\t\t\t<\/div>\n\n\t\t\t\t\t<div id=\"elementor-tab-content-15512\" class=\"elementor-tab-content elementor-clearfix\" data-tab=\"12\" role=\"region\" aria-labelledby=\"elementor-tab-title-15512\"><p class=\"p1\">Sie k\u00f6nnen Ihr Elektroauto aufladen, wenn Sie bei Feddet \u00fcbernachten. Ladestationen mit Typ-2-Steckern befinden sich vor den Kabinen der Spa Lodge und auf dem Parkplatz vor der Rezeption. Das Aufladen kostet 4,50 DKK pro kWh, und Sie brauchen nur mit Ihrer Chipkarte an der Station zu bezahlen. Als Sicherheitsma\u00dfnahme m\u00fcssen Sie 250 DKK auf Ihre Chipkarte an der Rezeption hinterlegen, bevor Sie aufladen k\u00f6nnen. Wenn Sie nicht den gesamten Betrag aufbrauchen, erstatten wir Ihnen nat\u00fcrlich den Restbetrag auf der Karte.<\/p>\n<p class=\"p1\">Aus Sicherheitsgr\u00fcnden ist es im Feddet Strand Resort NICHT erlaubt, ein eigenes &#8222;Oma-Ladeger\u00e4t&#8220;\/ 230V-Ladeger\u00e4t f\u00fcr Elektroautos zu benutzen.<\/p>\n<\/div>\n\t\t\t\t<\/div>\n\t\t\t\t\t\t\t<div class=\"elementor-toggle-item\">\n\t\t\t\t\t<div id=\"elementor-tab-title-15513\" class=\"elementor-tab-title\" data-tab=\"13\" role=\"button\" aria-controls=\"elementor-tab-content-15513\" aria-expanded=\"false\">\n\t\t\t\t\t\t\t\t\t\t\t\t<span class=\"elementor-toggle-icon elementor-toggle-icon-left\" aria-hidden=\"true\">\n\t\t\t\t\t\t\t\t\t\t\t\t\t\t\t<span class=\"elementor-toggle-icon-closed\"><i class=\"fas fa-caret-right\"><\/i><\/span>\n\t\t\t\t\t\t\t\t<span class=\"elementor-toggle-icon-opened\"><i class=\"elementor-toggle-icon-opened fas fa-caret-up\"><\/i><\/span>\n\t\t\t\t\t\t\t\t\t\t\t\t\t<\/span>\n\t\t\t\t\t\t\t\t\t\t\t\t<a class=\"elementor-toggle-title\" tabindex=\"0\">Bettw\u00e4sche und Handt\u00fccher<\/a>\n\t\t\t\t\t<\/div>\n\n\t\t\t\t\t<div id=\"elementor-tab-content-15513\" class=\"elementor-tab-content elementor-clearfix\" data-tab=\"13\" role=\"region\" aria-labelledby=\"elementor-tab-title-15513\"><p>Bettw\u00e4sche, Handtuch und Geschirrtuch m\u00fcssen Sie selbst mitbringen. Es besteht jedoch die M\u00f6glichkeit, ein W\u00e4schepaket zu mieten, das aus einem Laken, Bettw\u00e4sche und einem Handtuch besteht. Das W\u00e4schepaket kann an der Rezeption gemietet werden. Der Preis betr\u00e4gt DKK 75,- pro Paket.<\/p>\n<\/div>\n\t\t\t\t<\/div>\n\t\t\t\t\t\t\t<div class=\"elementor-toggle-item\">\n\t\t\t\t\t<div id=\"elementor-tab-title-15514\" class=\"elementor-tab-title\" data-tab=\"14\" role=\"button\" aria-controls=\"elementor-tab-content-15514\" aria-expanded=\"false\">\n\t\t\t\t\t\t\t\t\t\t\t\t<span class=\"elementor-toggle-icon elementor-toggle-icon-left\" aria-hidden=\"true\">\n\t\t\t\t\t\t\t\t\t\t\t\t\t\t\t<span class=\"elementor-toggle-icon-closed\"><i class=\"fas fa-caret-right\"><\/i><\/span>\n\t\t\t\t\t\t\t\t<span class=\"elementor-toggle-icon-opened\"><i class=\"elementor-toggle-icon-opened fas fa-caret-up\"><\/i><\/span>\n\t\t\t\t\t\t\t\t\t\t\t\t\t<\/span>\n\t\t\t\t\t\t\t\t\t\t\t\t<a class=\"elementor-toggle-title\" tabindex=\"0\">Hochstuhl und Kinderbett<\/a>\n\t\t\t\t\t<\/div>\n\n\t\t\t\t\t<div id=\"elementor-tab-content-15514\" class=\"elementor-tab-content elementor-clearfix\" data-tab=\"14\" role=\"region\" aria-labelledby=\"elementor-tab-title-15514\"><p>In der Ferienvilla gibt es einen Hochstuhl und ein Babybettchen. Ein zus\u00e4tzlicher Hochstuhl und ein Babybett sind ebenfalls zu mieten. Es kostet DKK 25,- pro Tag pro Hochstuhl und DKK 25,- pro Tag pro Babybett. Bitte setzen Sie sich mit der Rezeption in Verbindung und wir werden daf\u00fcr sorgen, dass die Gegenst\u00e4nde in Ihrer Kabine untergebracht werden.<\/p>\n<\/div>\n\t\t\t\t<\/div>\n\t\t\t\t\t\t\t<div class=\"elementor-toggle-item\">\n\t\t\t\t\t<div id=\"elementor-tab-title-15515\" class=\"elementor-tab-title\" data-tab=\"15\" role=\"button\" aria-controls=\"elementor-tab-content-15515\" aria-expanded=\"false\">\n\t\t\t\t\t\t\t\t\t\t\t\t<span class=\"elementor-toggle-icon elementor-toggle-icon-left\" aria-hidden=\"true\">\n\t\t\t\t\t\t\t\t\t\t\t\t\t\t\t<span class=\"elementor-toggle-icon-closed\"><i class=\"fas fa-caret-right\"><\/i><\/span>\n\t\t\t\t\t\t\t\t<span class=\"elementor-toggle-icon-opened\"><i class=\"elementor-toggle-icon-opened fas fa-caret-up\"><\/i><\/span>\n\t\t\t\t\t\t\t\t\t\t\t\t\t<\/span>\n\t\t\t\t\t\t\t\t\t\t\t\t<a class=\"elementor-toggle-title\" tabindex=\"0\">Rauchen<\/a>\n\t\t\t\t\t<\/div>\n\n\t\t\t\t\t<div id=\"elementor-tab-content-15515\" class=\"elementor-tab-content elementor-clearfix\" data-tab=\"15\" role=\"region\" aria-labelledby=\"elementor-tab-title-15515\"><p dir=\"ltr\">Rauchen ist in der Villa nicht erlaubt. Bei Nichteinhaltung wird ein Bu\u00dfgeld von DKK 2000,- verh\u00e4ngt.  <\/p>\n<\/div>\n\t\t\t\t<\/div>\n\t\t\t\t\t\t\t<div class=\"elementor-toggle-item\">\n\t\t\t\t\t<div id=\"elementor-tab-title-15516\" class=\"elementor-tab-title\" data-tab=\"16\" role=\"button\" aria-controls=\"elementor-tab-content-15516\" aria-expanded=\"false\">\n\t\t\t\t\t\t\t\t\t\t\t\t<span class=\"elementor-toggle-icon elementor-toggle-icon-left\" aria-hidden=\"true\">\n\t\t\t\t\t\t\t\t\t\t\t\t\t\t\t<span class=\"elementor-toggle-icon-closed\"><i class=\"fas fa-caret-right\"><\/i><\/span>\n\t\t\t\t\t\t\t\t<span class=\"elementor-toggle-icon-opened\"><i class=\"elementor-toggle-icon-opened fas fa-caret-up\"><\/i><\/span>\n\t\t\t\t\t\t\t\t\t\t\t\t\t<\/span>\n\t\t\t\t\t\t\t\t\t\t\t\t<a class=\"elementor-toggle-title\" tabindex=\"0\">W\u00e4scherei<\/a>\n\t\t\t\t\t<\/div>\n\n\t\t\t\t\t<div id=\"elementor-tab-content-15516\" class=\"elementor-tab-content elementor-clearfix\" data-tab=\"16\" role=\"region\" aria-labelledby=\"elementor-tab-title-15516\"><p>In der Ferienvilla gibt es eine Waschmaschine und einen W\u00e4schetrockner. Sie m\u00fcssen Ihre eigene Seife f\u00fcr die Waschmaschine mitbringen. Wir empfehlen parf\u00fcmfreies Waschmittel, damit auch Ihre Nachkommen, die m\u00f6glicherweise kein Parf\u00fcm vertragen, die Waschmaschine benutzen k\u00f6nnen. Die Waschmaschine ist kostenlos zu benutzen. Allerdings m\u00fcssen Sie f\u00fcr den Strom bezahlen.<\/p>\n<\/div>\n\t\t\t\t<\/div>\n\t\t\t\t\t\t\t<div class=\"elementor-toggle-item\">\n\t\t\t\t\t<div id=\"elementor-tab-title-15517\" class=\"elementor-tab-title\" data-tab=\"17\" role=\"button\" aria-controls=\"elementor-tab-content-15517\" aria-expanded=\"false\">\n\t\t\t\t\t\t\t\t\t\t\t\t<span class=\"elementor-toggle-icon elementor-toggle-icon-left\" aria-hidden=\"true\">\n\t\t\t\t\t\t\t\t\t\t\t\t\t\t\t<span class=\"elementor-toggle-icon-closed\"><i class=\"fas fa-caret-right\"><\/i><\/span>\n\t\t\t\t\t\t\t\t<span class=\"elementor-toggle-icon-opened\"><i class=\"elementor-toggle-icon-opened fas fa-caret-up\"><\/i><\/span>\n\t\t\t\t\t\t\t\t\t\t\t\t\t<\/span>\n\t\t\t\t\t\t\t\t\t\t\t\t<a class=\"elementor-toggle-title\" tabindex=\"0\">Ruhezeit und Zugangsbarriere<\/a>\n\t\t\t\t\t<\/div>\n\n\t\t\t\t\t<div id=\"elementor-tab-content-15517\" class=\"elementor-tab-content elementor-clearfix\" data-tab=\"17\" role=\"region\" aria-labelledby=\"elementor-tab-title-15517\"><p>Die St\u00e4nde sind von 7.00 bis 23.00 Uhr ge\u00f6ffnet. Wenn Sie au\u00dferhalb dieser Zeit am Feddet ankommen, parken Sie bitte auf dem Parkplatz, der sich parallel zur Zufahrtsstra\u00dfe zum Feddet befindet und der 24 Stunden am Tag ge\u00f6ffnet ist. Wenn der Mast wider Erwarten zwischen 23.00 und 7.00 Uhr gehoben werden muss, wird eine Geb\u00fchr von 350 DKK erhoben. Dies gilt jedoch nicht f\u00fcr Notsituationen.<\/p>\n<\/div>\n\t\t\t\t<\/div>\n\t\t\t\t\t\t\t<div class=\"elementor-toggle-item\">\n\t\t\t\t\t<div id=\"elementor-tab-title-15518\" class=\"elementor-tab-title\" data-tab=\"18\" role=\"button\" aria-controls=\"elementor-tab-content-15518\" aria-expanded=\"false\">\n\t\t\t\t\t\t\t\t\t\t\t\t<span class=\"elementor-toggle-icon elementor-toggle-icon-left\" aria-hidden=\"true\">\n\t\t\t\t\t\t\t\t\t\t\t\t\t\t\t<span class=\"elementor-toggle-icon-closed\"><i class=\"fas fa-caret-right\"><\/i><\/span>\n\t\t\t\t\t\t\t\t<span class=\"elementor-toggle-icon-opened\"><i class=\"elementor-toggle-icon-opened fas fa-caret-up\"><\/i><\/span>\n\t\t\t\t\t\t\t\t\t\t\t\t\t<\/span>\n\t\t\t\t\t\t\t\t\t\t\t\t<a class=\"elementor-toggle-title\" tabindex=\"0\">TV<\/a>\n\t\t\t\t\t<\/div>\n\n\t\t\t\t\t<div id=\"elementor-tab-content-15518\" class=\"elementor-tab-content elementor-clearfix\" data-tab=\"18\" role=\"region\" aria-labelledby=\"elementor-tab-title-15518\"><p dir=\"ltr\">In der Villa befinden sich mehrere TV-Ger\u00e4te. Folgende Kan\u00e4le sind verf\u00fcgbar: die Kan\u00e4le von DR, TV2, TV3, 3+ und unser eigener Infokanal.<\/p>\n<p>Wenn einer oder mehrere dieser Kan\u00e4le fehlen, m\u00fcssen Sie einen Sendersuchlauf auf Ihrem Fernsehger\u00e4t durchf\u00fchren.<\/p>\n<p>Dies geschieht auf folgende Weise:<\/p>\n<ol>\n<li>Dr\u00fccken Sie das rote Geh\u00e4use auf der Fernbedienung.<\/li>\n<li>Dr\u00fccken Sie nach unten, bis Sie den Men\u00fcpunkt <strong>Einstellungen<\/strong> erreichen.<\/li>\n<li>Dr\u00fccken Sie den Pfeil nach rechts, bis Sie zu <strong>Installation<\/strong> gelangen, und dr\u00fccken Sie OK.<\/li>\n<li>W\u00e4hlen Sie <strong>Automatische Sendersuche<\/strong>.<\/li>\n<li>W\u00e4hlen Sie <strong>Digitale Antenne<\/strong>.<\/li>\n<li>Tippen Sie auf<strong> Ja<\/strong>, um eine neue Sendersuche zu starten.<\/li>\n<li>Das Fernsehger\u00e4t sucht jetzt nach Kan\u00e4len. Wenn die Suche abgeschlossen ist, dr\u00fccken Sie <strong>ok<\/strong>, um zu fragen, ob die Liste \u00fcberschrieben werden soll.<\/li>\n<li>Beenden Sie den Vorgang durch Dr\u00fccken von exit auf der Fernbedienung.<\/li>\n<\/ol>\n<\/div>\n\t\t\t\t<\/div>\n\t\t\t\t\t\t\t<div class=\"elementor-toggle-item\">\n\t\t\t\t\t<div id=\"elementor-tab-title-15519\" class=\"elementor-tab-title\" data-tab=\"19\" role=\"button\" aria-controls=\"elementor-tab-content-15519\" aria-expanded=\"false\">\n\t\t\t\t\t\t\t\t\t\t\t\t<span class=\"elementor-toggle-icon elementor-toggle-icon-left\" aria-hidden=\"true\">\n\t\t\t\t\t\t\t\t\t\t\t\t\t\t\t<span class=\"elementor-toggle-icon-closed\"><i class=\"fas fa-caret-right\"><\/i><\/span>\n\t\t\t\t\t\t\t\t<span class=\"elementor-toggle-icon-opened\"><i class=\"elementor-toggle-icon-opened fas fa-caret-up\"><\/i><\/span>\n\t\t\t\t\t\t\t\t\t\t\t\t\t<\/span>\n\t\t\t\t\t\t\t\t\t\t\t\t<a class=\"elementor-toggle-title\" tabindex=\"0\">Notruftelefon<\/a>\n\t\t\t\t\t<\/div>\n\n\t\t\t\t\t<div id=\"elementor-tab-content-15519\" class=\"elementor-tab-content elementor-clearfix\" data-tab=\"19\" role=\"region\" aria-labelledby=\"elementor-tab-title-15519\"><p data-start=\"130\" data-end=\"222\">Wenn Sie au\u00dferhalb unserer \u00d6ffnungszeiten dringend Hilfe ben\u00f6tigen, k\u00f6nnen Sie uns unter <strong data-start=\"206\" data-end=\"221\">56 72 52 06<\/strong> erreichen.<\/p>\n<p data-start=\"224\" data-end=\"316\">Bitte beachten Sie, dass f\u00fcr Anfragen, die keine Notf\u00e4lle sind, au\u00dferhalb der \u00d6ffnungszeiten eine Geb\u00fchr von <strong data-start=\"305\" data-end=\"316\">300 DKK<\/strong> erhoben wird <strong data-start=\"305\" data-end=\"316\">.<\/strong><\/p>\n<\/div>\n\t\t\t\t<\/div>\n\t\t\t\t\t\t\t\t<\/div>\n\t\t\t\t\t\t<\/div>\n\t\t\t\t<\/div>\n\t\t\t\t<div class=\"elementor-element elementor-element-e5d9de9 exad-sticky-section-no exad-glass-effect-no elementor-widget elementor-widget-heading\" data-id=\"e5d9de9\" data-element_type=\"widget\" id=\"kaffe\" data-widget_type=\"heading.default\">\n\t\t\t\t<div class=\"elementor-widget-container\">\n\t\t\t\t\t<h3 class=\"elementor-heading-title elementor-size-default\">Wie die Kaffeemaschine funktioniert<\/h3>\t\t\t\t<\/div>\n\t\t\t\t<\/div>\n\t\t\t\t<div class=\"elementor-element elementor-element-f336db9 exad-sticky-section-no exad-glass-effect-no elementor-widget elementor-widget-video\" data-id=\"f336db9\" data-element_type=\"widget\" data-settings=\"{&quot;youtube_url&quot;:&quot;https:\\\/\\\/www.youtube.com\\\/watch?v=II1naCNEiAY&quot;,&quot;modestbranding&quot;:&quot;yes&quot;,&quot;lazy_load&quot;:&quot;yes&quot;,&quot;video_type&quot;:&quot;youtube&quot;,&quot;controls&quot;:&quot;yes&quot;}\" data-widget_type=\"video.default\">\n\t\t\t\t<div class=\"elementor-widget-container\">\n\t\t\t\t\t\t\t<div class=\"elementor-wrapper elementor-open-inline\">\n\t\t\t<div class=\"elementor-video\"><\/div>\t\t<\/div>\n\t\t\t\t\t\t<\/div>\n\t\t\t\t<\/div>\n\t\t\t\t<div class=\"elementor-element elementor-element-4402e17 exad-sticky-section-no exad-glass-effect-no elementor-widget elementor-widget-text-editor\" data-id=\"4402e17\" data-element_type=\"widget\" data-widget_type=\"text-editor.default\">\n\t\t\t\t<div class=\"elementor-widget-container\">\n\t\t\t\t\t\t\t\t\t<h3 dir=\"ltr\"><strong style=\"color: inherit; letter-spacing: 0px;\">\u00dcberpr\u00fcfen Sie<\/strong><\/h3>\n<p dir=\"ltr\">Bei der Abreise m\u00fcssen die M\u00f6bel und Einrichtungsgegenst\u00e4nde zur\u00fcckgestellt werden. Die Villa wird aufger\u00e4umt, das Geschirr wird in den Geschirrsp\u00fcler gestellt und der Geschirrsp\u00fcler gestartet, die M\u00fclleimer werden geleert und der M\u00fcll wird in die M\u00fclleimer gebracht, die sich drau\u00dfen und rechts von der Villa befinden.<\/p>\n<p dir=\"ltr\">Am Tag der Abreise muss die Villa bis sp\u00e4testens 11:00 Uhr ger\u00e4umt sein. Es ist m\u00f6glich, Einrichtungen wie GameZone, PlayZone und Pool &amp; Spa am Tag der Abreise zu nutzen, auch nach 11:00 Uhr, bitte informieren Sie die Rezeption beim Check-out. Autos k\u00f6nnen am Tag der Abreise kostenlos auf dem Parkplatz am Strand geparkt werden.<br \/>Sie k\u00f6nnen auch bis sp\u00e4testens 16:00 Uhr mit dem Auschecken warten. Allerdings nur, wenn keine anderen Personen am selben Tag anreisen, fragen Sie bitte am Informationsschalter nach. Dies gilt nur au\u00dferhalb der Schulferien.<\/p>\n<div>\n<h3 dir=\"ltr\"><strong>Interne Liste<\/strong><\/h3>\n<p><em><strong>Ausstattung der K\u00fcche<\/strong> <\/em><br \/>Geschirrsp\u00fcler, K\u00fchlschrank, Weink\u00fchlschrank mit Gefrierfach, Ofen, Kochfeld, Espressomaschine, Geschirr usw.<\/p>\n<p><em><strong>Wohnzimmer\/K\u00fcche mit Zugang zur gro\u00dfen Au\u00dfenterrasse<\/strong><\/em><br \/>Tisch und St\u00fchle, Schlafsofa, kleiner Tisch, Hochstuhl, Kino-Kamin<\/p>\n<p><em><strong>Badezimmer<\/strong><\/em><br \/>Doppeldusche, Toilette, Waschbecken und Waschmaschine\/Trockner<\/p>\n<p><em><strong>Schlafzimmer 1<\/strong><\/em><br \/>1 x Doppelbett 180 x 200 cm, Kleiderschrank und TV<\/p>\n<p><em><strong>Schlafzimmer 2 (im 1. Stock)<\/strong><\/em><br \/>1 x Doppelbett 180 x 200 cm (2 Einzelbetten von 90 x 200 cm)<br \/>Kleiderschrank, Kommode, TV, Kinderbett und Wickelauflage<\/p>\n<p><em><strong>Schlafzimmer 3 (im 1. Stock)<\/strong><\/em><br \/>1 x Doppelbett 180 x 200 cm (2 Einzelbetten von 90 x 200 cm)<br \/>Kleiderschrank, Kommode und TV<\/p>\n<p><em><strong>Gro\u00dfe Au\u00dfenterrasse<\/strong><\/em><br \/>1 x Gartentisch, 8 x St\u00fchle, 1 x Sonnenschirm, Loungebereich mit Sofas und Tisch, Outdoor-Spa. Kopfkissen und Bettdecken werden gestellt &#8211; Bettw\u00e4sche\/Bez\u00fcge, Handt\u00fccher und Geschirrt\u00fccher m\u00fcssen mitgebracht oder an der Information gemietet werden.<br \/>6 x Mountainbikes + 2 SUP-Boards <\/p>\n<\/div>\n\t\t\t\t\t\t\t\t<\/div>\n\t\t\t\t<\/div>\n\t\t\t\t<div class=\"elementor-element elementor-element-a576f08 exad-sticky-section-no exad-glass-effect-no elementor-widget elementor-widget-button\" data-id=\"a576f08\" data-element_type=\"widget\" data-widget_type=\"button.default\">\n\t\t\t\t<div class=\"elementor-widget-container\">\n\t\t\t\t\t\t\t\t\t<div class=\"elementor-button-wrapper\">\n\t\t\t\t\t<a class=\"elementor-button elementor-button-link elementor-size-sm\" href=\"https:\/\/app.feddet.dk\/wp-content\/uploads\/2025\/05\/Spa-Villa.pdf\" target=\"_blank\">\n\t\t\t\t\t\t<span class=\"elementor-button-content-wrapper\">\n\t\t\t\t\t\t\t\t\t<span class=\"elementor-button-text\">Sehen Sie die vollst\u00e4ndige Inventarliste hier<\/span>\n\t\t\t\t\t<\/span>\n\t\t\t\t\t<\/a>\n\t\t\t\t<\/div>\n\t\t\t\t\t\t\t\t<\/div>\n\t\t\t\t<\/div>\n\t\t\t\t<div class=\"elementor-element elementor-element-475fa75 exad-sticky-section-no exad-glass-effect-no elementor-widget elementor-widget-spacer\" data-id=\"475fa75\" data-element_type=\"widget\" data-widget_type=\"spacer.default\">\n\t\t\t\t<div class=\"elementor-widget-container\">\n\t\t\t\t\t\t\t<div class=\"elementor-spacer\">\n\t\t\t<div class=\"elementor-spacer-inner\"><\/div>\n\t\t<\/div>\n\t\t\t\t\t\t<\/div>\n\t\t\t\t<\/div>\n\t\t\t\t\t<\/div>\n\t\t<\/div>\n\t\t\t\t\t<\/div>\n\t\t<\/section>\n\t\t\t\t<\/div>\n\t\t","protected":false},"featured_media":2129,"template":"elementor_header_footer","overnatningstype":[45],"class_list":["post-2446","overnatning","type-overnatning","status-publish","has-post-thumbnail","hentry","overnatningstype-feriehuse-de"],"acf":[],"_links":{"self":[{"href":"https:\/\/app.feddet.dk\/de\/wp-json\/wp\/v2\/overnatning\/2446","targetHints":{"allow":["GET"]}}],"collection":[{"href":"https:\/\/app.feddet.dk\/de\/wp-json\/wp\/v2\/overnatning"}],"about":[{"href":"https:\/\/app.feddet.dk\/de\/wp-json\/wp\/v2\/types\/overnatning"}],"version-history":[{"count":34,"href":"https:\/\/app.feddet.dk\/de\/wp-json\/wp\/v2\/overnatning\/2446\/revisions"}],"predecessor-version":[{"id":7234,"href":"https:\/\/app.feddet.dk\/de\/wp-json\/wp\/v2\/overnatning\/2446\/revisions\/7234"}],"wp:featuredmedia":[{"embeddable":true,"href":"https:\/\/app.feddet.dk\/de\/wp-json\/wp\/v2\/media\/2129"}],"wp:attachment":[{"href":"https:\/\/app.feddet.dk\/de\/wp-json\/wp\/v2\/media?parent=2446"}],"wp:term":[{"taxonomy":"overnatningstype","embeddable":true,"href":"https:\/\/app.feddet.dk\/de\/wp-json\/wp\/v2\/overnatningstype?post=2446"}],"curies":[{"name":"wp","href":"https:\/\/api.w.org\/{rel}","templated":true}]}}