{"id":2458,"date":"2023-01-20T11:24:28","date_gmt":"2023-01-20T10:24:28","guid":{"rendered":"https:\/\/app.feddet.dk\/overnatning\/premium-strandhuette\/"},"modified":"2026-02-17T10:21:37","modified_gmt":"2026-02-17T09:21:37","slug":"premium-strandhuette","status":"publish","type":"overnatning","link":"https:\/\/app.feddet.dk\/de\/unterkunft\/premium-strandhuette\/","title":{"rendered":"Spa Lodge"},"content":{"rendered":"\t\t<div data-elementor-type=\"wp-post\" data-elementor-id=\"2458\" class=\"elementor elementor-2458 elementor-440\" data-elementor-post-type=\"overnatning\">\n\t\t\t\t\t\t<section class=\"elementor-section elementor-top-section elementor-element elementor-element-fb14be0 elementor-section-full_width elementor-section-height-min-height elementor-section-stretched elementor-section-height-default elementor-section-items-middle exad-glass-effect-no exad-sticky-section-no\" data-id=\"fb14be0\" data-element_type=\"section\" data-settings=\"{&quot;stretch_section&quot;:&quot;section-stretched&quot;,&quot;background_background&quot;:&quot;classic&quot;,&quot;shape_divider_bottom&quot;:&quot;waves&quot;}\">\n\t\t\t\t\t\t\t<div class=\"elementor-background-overlay\"><\/div>\n\t\t\t\t\t\t<div class=\"elementor-shape elementor-shape-bottom\" data-negative=\"false\">\n\t\t\t<svg xmlns=\"http:\/\/www.w3.org\/2000\/svg\" viewBox=\"0 0 1000 100\" preserveAspectRatio=\"none\">\n\t<path class=\"elementor-shape-fill\" d=\"M421.9,6.5c22.6-2.5,51.5,0.4,75.5,5.3c23.6,4.9,70.9,23.5,100.5,35.7c75.8,32.2,133.7,44.5,192.6,49.7\n\tc23.6,2.1,48.7,3.5,103.4-2.5c54.7-6,106.2-25.6,106.2-25.6V0H0v30.3c0,0,72,32.6,158.4,30.5c39.2-0.7,92.8-6.7,134-22.4\n\tc21.2-8.1,52.2-18.2,79.7-24.2C399.3,7.9,411.6,7.5,421.9,6.5z\"\/>\n<\/svg>\t\t<\/div>\n\t\t\t\t\t<div class=\"elementor-container elementor-column-gap-default\">\n\t\t\t\t\t<div class=\"elementor-column elementor-col-100 elementor-top-column elementor-element elementor-element-23cbe27 exad-glass-effect-no exad-sticky-section-no\" data-id=\"23cbe27\" data-element_type=\"column\">\n\t\t\t<div class=\"elementor-widget-wrap elementor-element-populated\">\n\t\t\t\t\t\t<div class=\"elementor-element elementor-element-f695fdc exad-sticky-section-no elementor-widget elementor-widget-heading\" data-id=\"f695fdc\" data-element_type=\"widget\" data-widget_type=\"heading.default\">\n\t\t\t\t<div class=\"elementor-widget-container\">\n\t\t\t\t\t<h1 class=\"elementor-heading-title elementor-size-default\">Spa Lodge<\/h1>\t\t\t\t<\/div>\n\t\t\t\t<\/div>\n\t\t\t\t\t<\/div>\n\t\t<\/div>\n\t\t\t\t\t<\/div>\n\t\t<\/section>\n\t\t\t\t<section class=\"elementor-section elementor-top-section elementor-element elementor-element-4079b6bb elementor-section-boxed elementor-section-height-default elementor-section-height-default exad-glass-effect-no exad-sticky-section-no\" data-id=\"4079b6bb\" data-element_type=\"section\">\n\t\t\t\t\t\t<div class=\"elementor-container elementor-column-gap-default\">\n\t\t\t\t\t<div class=\"elementor-column elementor-col-100 elementor-top-column elementor-element elementor-element-3b94ce6d exad-glass-effect-no exad-sticky-section-no\" data-id=\"3b94ce6d\" data-element_type=\"column\">\n\t\t\t<div class=\"elementor-widget-wrap elementor-element-populated\">\n\t\t\t\t\t\t<div class=\"elementor-element elementor-element-1821e0d exad-sticky-section-no exad-glass-effect-no elementor-widget elementor-widget-global elementor-global-6130 elementor-global-6124 elementor-widget-button\" data-id=\"1821e0d\" data-element_type=\"widget\" data-widget_type=\"button.default\">\n\t\t\t\t<div class=\"elementor-widget-container\">\n\t\t\t\t\t\t\t\t\t<div class=\"elementor-button-wrapper\">\n\t\t\t\t\t<a class=\"elementor-button elementor-button-link elementor-size-sm\" href=\"https:\/\/app.feddet.dk\/de\/unterkunft\/\">\n\t\t\t\t\t\t<span class=\"elementor-button-content-wrapper\">\n\t\t\t\t\t\t<span class=\"elementor-button-icon\">\n\t\t\t\t<i aria-hidden=\"true\" class=\"feather icon-chevron-left\"><\/i>\t\t\t<\/span>\n\t\t\t\t\t\t\t\t\t<span class=\"elementor-button-text\">Zur\u00fcck<\/span>\n\t\t\t\t\t<\/span>\n\t\t\t\t\t<\/a>\n\t\t\t\t<\/div>\n\t\t\t\t\t\t\t\t<\/div>\n\t\t\t\t<\/div>\n\t\t\t\t<div class=\"elementor-element elementor-element-43a8d60b exad-sticky-section-no exad-glass-effect-no elementor-widget elementor-widget-text-editor\" data-id=\"43a8d60b\" data-element_type=\"widget\" data-widget_type=\"text-editor.default\">\n\t\t\t\t<div class=\"elementor-widget-container\">\n\t\t\t\t\t\t\t\t\t<h3 dir=\"ltr\"><strong>Willkommen in einer Spa Lodge<\/strong><\/h3>\n<p dir=\"ltr\"><b>Strom:<\/b><\/p>\n<p dir=\"ltr\">Der Strom ist angeschlossen und der K\u00fchlschrank ist eingeschaltet. Der Stromverbrauch wird bei der Abreise abgerechnet. Der Strom muss bei der Ankunft und bei der Abreise abgelesen und in das mitgelieferte Merkblatt eingetragen werden.<\/p>\n<p dir=\"ltr\">Der Stromverbrauch wird bei der Abreise mit 4,50 DKK pro kWh berechnet. Die ersten 20 kWh pro Tag sind jedoch im Preis f\u00fcr Ihren Aufenthalt enthalten. Es ist daher wichtig, dass Sie den Strom bei Ankunft und Abreise ablesen und die Felder im mitgelieferten Faltblatt ausf\u00fcllen. Sie finden den Stromz\u00e4hler im K\u00fcchenschrank \u00fcber dem Herd.   <\/p>\n<p dir=\"ltr\">Nachfolgend finden Sie die wichtigsten Informationen \u00fcber die H\u00fctte. Lesen Sie sie vor Ihrer Ankunft oder sofort nach Ihrer Ankunft sorgf\u00e4ltig durch.<\/p>\n\t\t\t\t\t\t\t\t<\/div>\n\t\t\t\t<\/div>\n\t\t\t\t<div class=\"elementor-element elementor-element-c6e0e58 exad-sticky-section-no exad-glass-effect-no elementor-widget elementor-widget-heading\" data-id=\"c6e0e58\" data-element_type=\"widget\" data-widget_type=\"heading.default\">\n\t\t\t\t<div class=\"elementor-widget-container\">\n\t\t\t\t\t<h3 class=\"elementor-heading-title elementor-size-default\">Wichtige Informationen f\u00fcr Ihren Aufenthalt:<\/h3>\t\t\t\t<\/div>\n\t\t\t\t<\/div>\n\t\t\t\t<div class=\"elementor-element elementor-element-949c950 exad-sticky-section-no exad-glass-effect-no elementor-widget elementor-widget-toggle\" data-id=\"949c950\" data-element_type=\"widget\" data-widget_type=\"toggle.default\">\n\t\t\t\t<div class=\"elementor-widget-container\">\n\t\t\t\t\t\t\t<div class=\"elementor-toggle\">\n\t\t\t\t\t\t\t<div class=\"elementor-toggle-item\">\n\t\t\t\t\t<div id=\"elementor-tab-title-1551\" class=\"elementor-tab-title\" data-tab=\"1\" role=\"button\" aria-controls=\"elementor-tab-content-1551\" aria-expanded=\"false\">\n\t\t\t\t\t\t\t\t\t\t\t\t<span class=\"elementor-toggle-icon elementor-toggle-icon-left\" aria-hidden=\"true\">\n\t\t\t\t\t\t\t\t\t\t\t\t\t\t\t<span class=\"elementor-toggle-icon-closed\"><i class=\"fas fa-caret-right\"><\/i><\/span>\n\t\t\t\t\t\t\t\t<span class=\"elementor-toggle-icon-opened\"><i class=\"elementor-toggle-icon-opened fas fa-caret-up\"><\/i><\/span>\n\t\t\t\t\t\t\t\t\t\t\t\t\t<\/span>\n\t\t\t\t\t\t\t\t\t\t\t\t<a class=\"elementor-toggle-title\" tabindex=\"0\">Schl\u00fcssel und Zugangskarten<\/a>\n\t\t\t\t\t<\/div>\n\n\t\t\t\t\t<div id=\"elementor-tab-content-1551\" class=\"elementor-tab-content elementor-clearfix\" data-tab=\"1\" role=\"region\" aria-labelledby=\"elementor-tab-title-1551\"><p>Wenn Sie einen zus\u00e4tzlichen Schl\u00fcssel f\u00fcr die H\u00fctte ben\u00f6tigen, k\u00f6nnen Sie ihn an der Rezeption abholen. Zusammen mit dem Schl\u00fcssel zur Kabine erhalten Sie eine blaue Chipkarte. Die Chipkarte dient als Mautkarte f\u00fcr die Ein- und Ausfahrt und als Zugangskarte f\u00fcr die PlayZone, die GameZone, den Pool &amp; Spa und die Fitnesscenter, die alle kostenlos sind. Halten Sie die Karte einfach vor den Kartenleser. Sie k\u00f6nnen immer mehrere Karten mit Ihrem Aufenthalt verbinden.<\/p>\n<\/div>\n\t\t\t\t<\/div>\n\t\t\t\t\t\t\t<div class=\"elementor-toggle-item\">\n\t\t\t\t\t<div id=\"elementor-tab-title-1552\" class=\"elementor-tab-title\" data-tab=\"2\" role=\"button\" aria-controls=\"elementor-tab-content-1552\" aria-expanded=\"false\">\n\t\t\t\t\t\t\t\t\t\t\t\t<span class=\"elementor-toggle-icon elementor-toggle-icon-left\" aria-hidden=\"true\">\n\t\t\t\t\t\t\t\t\t\t\t\t\t\t\t<span class=\"elementor-toggle-icon-closed\"><i class=\"fas fa-caret-right\"><\/i><\/span>\n\t\t\t\t\t\t\t\t<span class=\"elementor-toggle-icon-opened\"><i class=\"elementor-toggle-icon-opened fas fa-caret-up\"><\/i><\/span>\n\t\t\t\t\t\t\t\t\t\t\t\t\t<\/span>\n\t\t\t\t\t\t\t\t\t\t\t\t<a class=\"elementor-toggle-title\" tabindex=\"0\">Irrt\u00fcmer und Auslassungen<\/a>\n\t\t\t\t\t<\/div>\n\n\t\t\t\t\t<div id=\"elementor-tab-content-1552\" class=\"elementor-tab-content elementor-clearfix\" data-tab=\"2\" role=\"region\" aria-labelledby=\"elementor-tab-title-1552\"><p>Sollten Sie bei Ihrer Ankunft in der H\u00fctte M\u00e4ngel oder sonstige Unzufriedenheit feststellen, wenden Sie sich bitte so schnell wie m\u00f6glich an die Rezeption, damit wir die M\u00e4ngel beheben k\u00f6nnen.<\/p>\n<\/div>\n\t\t\t\t<\/div>\n\t\t\t\t\t\t\t<div class=\"elementor-toggle-item\">\n\t\t\t\t\t<div id=\"elementor-tab-title-1553\" class=\"elementor-tab-title\" data-tab=\"3\" role=\"button\" aria-controls=\"elementor-tab-content-1553\" aria-expanded=\"false\">\n\t\t\t\t\t\t\t\t\t\t\t\t<span class=\"elementor-toggle-icon elementor-toggle-icon-left\" aria-hidden=\"true\">\n\t\t\t\t\t\t\t\t\t\t\t\t\t\t\t<span class=\"elementor-toggle-icon-closed\"><i class=\"fas fa-caret-right\"><\/i><\/span>\n\t\t\t\t\t\t\t\t<span class=\"elementor-toggle-icon-opened\"><i class=\"elementor-toggle-icon-opened fas fa-caret-up\"><\/i><\/span>\n\t\t\t\t\t\t\t\t\t\t\t\t\t<\/span>\n\t\t\t\t\t\t\t\t\t\t\t\t<a class=\"elementor-toggle-title\" tabindex=\"0\">Heizung und Klimatisierung<\/a>\n\t\t\t\t\t<\/div>\n\n\t\t\t\t\t<div id=\"elementor-tab-content-1553\" class=\"elementor-tab-content elementor-clearfix\" data-tab=\"3\" role=\"region\" aria-labelledby=\"elementor-tab-title-1553\"><p>Die H\u00fctte hat sowohl eine W\u00e4rmepumpe als auch eine Fu\u00dfbodenheizung.<\/p>\n<p>Die W\u00e4rmepumpe ist eine preiswerte und effiziente W\u00e4rmequelle, die die Kabine schnell aufheizen kann. Sobald die gew\u00fcnschte Temperatur erreicht ist, empfehlen wir, die Kabine mit der Fu\u00dfbodenheizung warm zu halten, die f\u00fcr ein gleichm\u00e4\u00dfigeres und leiseres Dampfen sorgt.<\/p>\n<p>Wenn Sie die Kabine k\u00fchlen m\u00f6chten, ist dies ebenfalls mit der W\u00e4rmepumpe m\u00f6glich. Denken Sie jedoch daran, T\u00fcren und Fenster zu schlie\u00dfen, um die Stromkosten zu minimieren.<\/p>\n<\/div>\n\t\t\t\t<\/div>\n\t\t\t\t\t\t\t<div class=\"elementor-toggle-item\">\n\t\t\t\t\t<div id=\"elementor-tab-title-1554\" class=\"elementor-tab-title\" data-tab=\"4\" role=\"button\" aria-controls=\"elementor-tab-content-1554\" aria-expanded=\"false\">\n\t\t\t\t\t\t\t\t\t\t\t\t<span class=\"elementor-toggle-icon elementor-toggle-icon-left\" aria-hidden=\"true\">\n\t\t\t\t\t\t\t\t\t\t\t\t\t\t\t<span class=\"elementor-toggle-icon-closed\"><i class=\"fas fa-caret-right\"><\/i><\/span>\n\t\t\t\t\t\t\t\t<span class=\"elementor-toggle-icon-opened\"><i class=\"elementor-toggle-icon-opened fas fa-caret-up\"><\/i><\/span>\n\t\t\t\t\t\t\t\t\t\t\t\t\t<\/span>\n\t\t\t\t\t\t\t\t\t\t\t\t<a class=\"elementor-toggle-title\" tabindex=\"0\">Spa im Freien<\/a>\n\t\t\t\t\t<\/div>\n\n\t\t\t\t\t<div id=\"elementor-tab-content-1554\" class=\"elementor-tab-content elementor-clearfix\" data-tab=\"4\" role=\"region\" aria-labelledby=\"elementor-tab-title-1554\"><p dir=\"ltr\">Auf der Terrasse befindet sich Ihr eigenes Outdoor-Spa. Wir k\u00fcmmern uns um die Reinigung und die Chemikalien, so dass Sie nur noch das Spa genie\u00dfen m\u00fcssen. Denken Sie daran, den Deckel wieder aufzusetzen, sobald Sie den Whirlpool nicht mehr benutzen. Das ist nicht nur aus Gr\u00fcnden des Energieverbrauchs wichtig, sondern auch, damit das Chlor nicht zu schnell aus dem Whirlpool verschwindet.<\/p>\n<p dir=\"ltr\">An der Seite des Whirlpools befindet sich ein Bedienfeld, \u00fcber das Sie die verschiedenen D\u00fcsen und Lichter einstellen k\u00f6nnen. Bitte \u00fcberpr\u00fcfen Sie bei Ihrer Ankunft, ob der Whirlpool die gew\u00fcnschte Temperatur hat, damit wir eventuelle Probleme so schnell wie m\u00f6glich beheben k\u00f6nnen. Der Whirlpool wird normalerweise bei der Ankunft auf etwa 38 Grad vorgeheizt.<\/p>\n<p dir=\"ltr\">Es ist normal, dass der Whirlpool sporadisch anl\u00e4uft, da das Wasser automatisch kontinuierlich gereinigt wird. Es ist daher nicht erlaubt, den Whirlpool an den Sicherungen\/Schaltern auszuschalten.<\/p>\n<\/div>\n\t\t\t\t<\/div>\n\t\t\t\t\t\t\t<div class=\"elementor-toggle-item\">\n\t\t\t\t\t<div id=\"elementor-tab-title-1555\" class=\"elementor-tab-title\" data-tab=\"5\" role=\"button\" aria-controls=\"elementor-tab-content-1555\" aria-expanded=\"false\">\n\t\t\t\t\t\t\t\t\t\t\t\t<span class=\"elementor-toggle-icon elementor-toggle-icon-left\" aria-hidden=\"true\">\n\t\t\t\t\t\t\t\t\t\t\t\t\t\t\t<span class=\"elementor-toggle-icon-closed\"><i class=\"fas fa-caret-right\"><\/i><\/span>\n\t\t\t\t\t\t\t\t<span class=\"elementor-toggle-icon-opened\"><i class=\"elementor-toggle-icon-opened fas fa-caret-up\"><\/i><\/span>\n\t\t\t\t\t\t\t\t\t\t\t\t\t<\/span>\n\t\t\t\t\t\t\t\t\t\t\t\t<a class=\"elementor-toggle-title\" tabindex=\"0\">Dusche im Freien<\/a>\n\t\t\t\t\t<\/div>\n\n\t\t\t\t\t<div id=\"elementor-tab-content-1555\" class=\"elementor-tab-content elementor-clearfix\" data-tab=\"5\" role=\"region\" aria-labelledby=\"elementor-tab-title-1555\"><p>Au\u00dferhalb der Wintersaison steht Ihnen eine Au\u00dfendusche auf der Terrasse zur Verf\u00fcgung. Benutzen Sie es nach einem Strand- oder Wellnessaufenthalt, um Sand und Schmutz im Abfluss des Badezimmers zu vermeiden. Wir k\u00f6nnen auch ein morgendliches Bad unter der Au\u00dfendusche empfehlen. In den Schlafzimmern finden Sie kostenlose Badem\u00e4ntel.<\/p>\n<\/div>\n\t\t\t\t<\/div>\n\t\t\t\t\t\t\t<div class=\"elementor-toggle-item\">\n\t\t\t\t\t<div id=\"elementor-tab-title-1556\" class=\"elementor-tab-title\" data-tab=\"6\" role=\"button\" aria-controls=\"elementor-tab-content-1556\" aria-expanded=\"false\">\n\t\t\t\t\t\t\t\t\t\t\t\t<span class=\"elementor-toggle-icon elementor-toggle-icon-left\" aria-hidden=\"true\">\n\t\t\t\t\t\t\t\t\t\t\t\t\t\t\t<span class=\"elementor-toggle-icon-closed\"><i class=\"fas fa-caret-right\"><\/i><\/span>\n\t\t\t\t\t\t\t\t<span class=\"elementor-toggle-icon-opened\"><i class=\"elementor-toggle-icon-opened fas fa-caret-up\"><\/i><\/span>\n\t\t\t\t\t\t\t\t\t\t\t\t\t<\/span>\n\t\t\t\t\t\t\t\t\t\t\t\t<a class=\"elementor-toggle-title\" tabindex=\"0\">Parken<\/a>\n\t\t\t\t\t<\/div>\n\n\t\t\t\t\t<div id=\"elementor-tab-content-1556\" class=\"elementor-tab-content elementor-clearfix\" data-tab=\"6\" role=\"region\" aria-labelledby=\"elementor-tab-title-1556\"><p>Parken ist vor der H\u00fctte m\u00f6glich, ein Auto pro H\u00fctte.<\/p>\n<p class=\"p1\">Wenn Sie zwei Autos haben oder au\u00dferhalb der \u00d6ffnungszeiten der Schranke fahren m\u00fcssen, k\u00f6nnen Sie auch kostenlos auf dem gro\u00dfen Parkplatz parken, wenn Sie sich an die Rezeption wenden, wo wir das Nummernschild Ihres Autos eingeben k\u00f6nnen. Danach wird die Schranke automatisch ge\u00f6ffnet, wenn Sie auf den Parkplatz einfahren und ihn verlassen, ohne dass Sie ein Ticket ben\u00f6tigen. Es ist m\u00f6glich, bis zu 2 Autos anzumelden.<\/p>\n<p class=\"p1\">Der Parkplatz ist rund um die Uhr, 24 Stunden am Tag, ge\u00f6ffnet. <\/p>\n<p class=\"p1\">Wenn Sie Tagesg\u00e4ste haben, k\u00f6nnen diese auch auf dem Parkplatz parken, wo Sie nach den geltenden Tarifen bezahlen k\u00f6nnen. <\/p>\n<\/div>\n\t\t\t\t<\/div>\n\t\t\t\t\t\t\t<div class=\"elementor-toggle-item\">\n\t\t\t\t\t<div id=\"elementor-tab-title-1557\" class=\"elementor-tab-title\" data-tab=\"7\" role=\"button\" aria-controls=\"elementor-tab-content-1557\" aria-expanded=\"false\">\n\t\t\t\t\t\t\t\t\t\t\t\t<span class=\"elementor-toggle-icon elementor-toggle-icon-left\" aria-hidden=\"true\">\n\t\t\t\t\t\t\t\t\t\t\t\t\t\t\t<span class=\"elementor-toggle-icon-closed\"><i class=\"fas fa-caret-right\"><\/i><\/span>\n\t\t\t\t\t\t\t\t<span class=\"elementor-toggle-icon-opened\"><i class=\"elementor-toggle-icon-opened fas fa-caret-up\"><\/i><\/span>\n\t\t\t\t\t\t\t\t\t\t\t\t\t<\/span>\n\t\t\t\t\t\t\t\t\t\t\t\t<a class=\"elementor-toggle-title\" tabindex=\"0\">Elektroauto<\/a>\n\t\t\t\t\t<\/div>\n\n\t\t\t\t\t<div id=\"elementor-tab-content-1557\" class=\"elementor-tab-content elementor-clearfix\" data-tab=\"7\" role=\"region\" aria-labelledby=\"elementor-tab-title-1557\"><p class=\"p1\">Sie k\u00f6nnen Ihr Elektroauto aufladen, wenn Sie bei Feddet \u00fcbernachten. Ladestationen mit Typ-2-Steckern befinden sich vor den Kabinen der Spa Lodge und auf dem Parkplatz vor der Rezeption. Das Aufladen kostet 4,50 DKK pro kWh, und Sie brauchen nur mit Ihrer Chipkarte an der Station zu bezahlen. Als Sicherheitsma\u00dfnahme m\u00fcssen Sie 250 DKK auf Ihre Chipkarte an der Rezeption hinterlegen, bevor Sie aufladen k\u00f6nnen. Wenn Sie nicht den gesamten Betrag aufbrauchen, erstatten wir Ihnen nat\u00fcrlich den Restbetrag auf der Karte.<\/p>\n<p class=\"p1\">Aus Sicherheitsgr\u00fcnden ist es im Feddet Strand Resort NICHT erlaubt, ein eigenes &#8222;Oma-Ladeger\u00e4t&#8220;\/ 230V-Ladeger\u00e4t f\u00fcr Elektroautos zu benutzen.<\/p>\n<\/div>\n\t\t\t\t<\/div>\n\t\t\t\t\t\t\t<div class=\"elementor-toggle-item\">\n\t\t\t\t\t<div id=\"elementor-tab-title-1558\" class=\"elementor-tab-title\" data-tab=\"8\" role=\"button\" aria-controls=\"elementor-tab-content-1558\" aria-expanded=\"false\">\n\t\t\t\t\t\t\t\t\t\t\t\t<span class=\"elementor-toggle-icon elementor-toggle-icon-left\" aria-hidden=\"true\">\n\t\t\t\t\t\t\t\t\t\t\t\t\t\t\t<span class=\"elementor-toggle-icon-closed\"><i class=\"fas fa-caret-right\"><\/i><\/span>\n\t\t\t\t\t\t\t\t<span class=\"elementor-toggle-icon-opened\"><i class=\"elementor-toggle-icon-opened fas fa-caret-up\"><\/i><\/span>\n\t\t\t\t\t\t\t\t\t\t\t\t\t<\/span>\n\t\t\t\t\t\t\t\t\t\t\t\t<a class=\"elementor-toggle-title\" tabindex=\"0\">Bettw\u00e4sche und Handt\u00fccher<\/a>\n\t\t\t\t\t<\/div>\n\n\t\t\t\t\t<div id=\"elementor-tab-content-1558\" class=\"elementor-tab-content elementor-clearfix\" data-tab=\"8\" role=\"region\" aria-labelledby=\"elementor-tab-title-1558\"><p>Bettw\u00e4sche, Handtuch und Geschirrtuch m\u00fcssen Sie selbst mitbringen. Es besteht jedoch die M\u00f6glichkeit, ein W\u00e4schepaket zu mieten, das aus einem Laken, Bettw\u00e4sche und einem Handtuch besteht. Das W\u00e4schepaket kann an der Rezeption gemietet werden. Der Preis betr\u00e4gt DKK 75,- pro Paket.<\/p>\n<\/div>\n\t\t\t\t<\/div>\n\t\t\t\t\t\t\t<div class=\"elementor-toggle-item\">\n\t\t\t\t\t<div id=\"elementor-tab-title-1559\" class=\"elementor-tab-title\" data-tab=\"9\" role=\"button\" aria-controls=\"elementor-tab-content-1559\" aria-expanded=\"false\">\n\t\t\t\t\t\t\t\t\t\t\t\t<span class=\"elementor-toggle-icon elementor-toggle-icon-left\" aria-hidden=\"true\">\n\t\t\t\t\t\t\t\t\t\t\t\t\t\t\t<span class=\"elementor-toggle-icon-closed\"><i class=\"fas fa-caret-right\"><\/i><\/span>\n\t\t\t\t\t\t\t\t<span class=\"elementor-toggle-icon-opened\"><i class=\"elementor-toggle-icon-opened fas fa-caret-up\"><\/i><\/span>\n\t\t\t\t\t\t\t\t\t\t\t\t\t<\/span>\n\t\t\t\t\t\t\t\t\t\t\t\t<a class=\"elementor-toggle-title\" tabindex=\"0\">Hochstuhl und Kinderbett<\/a>\n\t\t\t\t\t<\/div>\n\n\t\t\t\t\t<div id=\"elementor-tab-content-1559\" class=\"elementor-tab-content elementor-clearfix\" data-tab=\"9\" role=\"region\" aria-labelledby=\"elementor-tab-title-1559\"><p>Hochstuhl und Kinderbett k\u00f6nnen gemietet werden. Es kostet DKK 25,- pro Tag pro Hochstuhl und DKK 25,- pro Tag pro Babybett. Bitte setzen Sie sich mit der Rezeption in Verbindung und wir werden daf\u00fcr sorgen, dass die Gegenst\u00e4nde in Ihrer Kabine untergebracht werden.<\/p>\n<\/div>\n\t\t\t\t<\/div>\n\t\t\t\t\t\t\t<div class=\"elementor-toggle-item\">\n\t\t\t\t\t<div id=\"elementor-tab-title-15510\" class=\"elementor-tab-title\" data-tab=\"10\" role=\"button\" aria-controls=\"elementor-tab-content-15510\" aria-expanded=\"false\">\n\t\t\t\t\t\t\t\t\t\t\t\t<span class=\"elementor-toggle-icon elementor-toggle-icon-left\" aria-hidden=\"true\">\n\t\t\t\t\t\t\t\t\t\t\t\t\t\t\t<span class=\"elementor-toggle-icon-closed\"><i class=\"fas fa-caret-right\"><\/i><\/span>\n\t\t\t\t\t\t\t\t<span class=\"elementor-toggle-icon-opened\"><i class=\"elementor-toggle-icon-opened fas fa-caret-up\"><\/i><\/span>\n\t\t\t\t\t\t\t\t\t\t\t\t\t<\/span>\n\t\t\t\t\t\t\t\t\t\t\t\t<a class=\"elementor-toggle-title\" tabindex=\"0\">Grill<\/a>\n\t\t\t\t\t<\/div>\n\n\t\t\t\t\t<div id=\"elementor-tab-content-15510\" class=\"elementor-tab-content elementor-clearfix\" data-tab=\"10\" role=\"region\" aria-labelledby=\"elementor-tab-title-15510\"><p dir=\"ltr\">Ein Gasgrill befindet sich neben der H\u00fctte. Wenn Sie feststellen, dass Gas fehlt, wenden Sie sich einfach an die Rezeption.<\/p>\n<\/div>\n\t\t\t\t<\/div>\n\t\t\t\t\t\t\t<div class=\"elementor-toggle-item\">\n\t\t\t\t\t<div id=\"elementor-tab-title-15511\" class=\"elementor-tab-title\" data-tab=\"11\" role=\"button\" aria-controls=\"elementor-tab-content-15511\" aria-expanded=\"false\">\n\t\t\t\t\t\t\t\t\t\t\t\t<span class=\"elementor-toggle-icon elementor-toggle-icon-left\" aria-hidden=\"true\">\n\t\t\t\t\t\t\t\t\t\t\t\t\t\t\t<span class=\"elementor-toggle-icon-closed\"><i class=\"fas fa-caret-right\"><\/i><\/span>\n\t\t\t\t\t\t\t\t<span class=\"elementor-toggle-icon-opened\"><i class=\"elementor-toggle-icon-opened fas fa-caret-up\"><\/i><\/span>\n\t\t\t\t\t\t\t\t\t\t\t\t\t<\/span>\n\t\t\t\t\t\t\t\t\t\t\t\t<a class=\"elementor-toggle-title\" tabindex=\"0\">Abfall<\/a>\n\t\t\t\t\t<\/div>\n\n\t\t\t\t\t<div id=\"elementor-tab-content-15511\" class=\"elementor-tab-content elementor-clearfix\" data-tab=\"11\" role=\"region\" aria-labelledby=\"elementor-tab-title-15511\"><p dir=\"ltr\">Es ist NICHT erlaubt, Abf\u00e4lle auf der Terrasse oder im Freien zu hinterlassen, da die Waldtiere nachts kommen und die Abf\u00e4lle in der Umgebung verteilen. Wenn Sie Ihren Abfall entsorgen m\u00fcssen, kommen Sie zu unserer Umweltstation, die sich in der N\u00e4he des Minigolfplatzes befindet. Die Umweltstation hat die Nr. 12 auf dem Lageplan.<\/p>\n<p dir=\"ltr\">Bitte beachten Sie, dass die Abf\u00e4lle in die folgenden Kategorien eingeteilt werden m\u00fcssen:<\/p>\n<ul dir=\"ltr\">\n<li>Restm\u00fcll<\/li>\n<li>Lebensmittelabf\u00e4lle<\/li>\n<li>Weiche\/harte Kunststoffe und Kartons f\u00fcr Lebensmittel und Getr\u00e4nke<\/li>\n<li>Papier und kleiner Karton<\/li>\n<li>Metall<\/li>\n<li>Glas<\/li>\n<\/ul>\n<p><em><u><a href=\"https:\/\/faxeforsyning.dk\/sites\/faxeforsyning.dk\/files\/media\/document\/Sorteringsvejledning_K%C3%B8leskabsversion.pdf\" data-cke-saved-href=\"https:\/\/faxeforsyning.dk\/sites\/faxeforsyning.dk\/files\/media\/document\/Sorteringsvejledning_K%C3%B8leskabsversion.pdf\">Die vollst\u00e4ndigen Sortieranweisungen finden Sie hier.<\/a><\/u><\/em><\/p>\n<\/div>\n\t\t\t\t<\/div>\n\t\t\t\t\t\t\t<div class=\"elementor-toggle-item\">\n\t\t\t\t\t<div id=\"elementor-tab-title-15512\" class=\"elementor-tab-title\" data-tab=\"12\" role=\"button\" aria-controls=\"elementor-tab-content-15512\" aria-expanded=\"false\">\n\t\t\t\t\t\t\t\t\t\t\t\t<span class=\"elementor-toggle-icon elementor-toggle-icon-left\" aria-hidden=\"true\">\n\t\t\t\t\t\t\t\t\t\t\t\t\t\t\t<span class=\"elementor-toggle-icon-closed\"><i class=\"fas fa-caret-right\"><\/i><\/span>\n\t\t\t\t\t\t\t\t<span class=\"elementor-toggle-icon-opened\"><i class=\"elementor-toggle-icon-opened fas fa-caret-up\"><\/i><\/span>\n\t\t\t\t\t\t\t\t\t\t\t\t\t<\/span>\n\t\t\t\t\t\t\t\t\t\t\t\t<a class=\"elementor-toggle-title\" tabindex=\"0\">Rauchen<\/a>\n\t\t\t\t\t<\/div>\n\n\t\t\t\t\t<div id=\"elementor-tab-content-15512\" class=\"elementor-tab-content elementor-clearfix\" data-tab=\"12\" role=\"region\" aria-labelledby=\"elementor-tab-title-15512\"><p dir=\"ltr\">Rauchen ist in der Kabine nicht erlaubt. Andernfalls wird eine Geldstrafe von 2000 DKK verh\u00e4ngt.<\/p>\n<\/div>\n\t\t\t\t<\/div>\n\t\t\t\t\t\t\t<div class=\"elementor-toggle-item\">\n\t\t\t\t\t<div id=\"elementor-tab-title-15513\" class=\"elementor-tab-title\" data-tab=\"13\" role=\"button\" aria-controls=\"elementor-tab-content-15513\" aria-expanded=\"false\">\n\t\t\t\t\t\t\t\t\t\t\t\t<span class=\"elementor-toggle-icon elementor-toggle-icon-left\" aria-hidden=\"true\">\n\t\t\t\t\t\t\t\t\t\t\t\t\t\t\t<span class=\"elementor-toggle-icon-closed\"><i class=\"fas fa-caret-right\"><\/i><\/span>\n\t\t\t\t\t\t\t\t<span class=\"elementor-toggle-icon-opened\"><i class=\"elementor-toggle-icon-opened fas fa-caret-up\"><\/i><\/span>\n\t\t\t\t\t\t\t\t\t\t\t\t\t<\/span>\n\t\t\t\t\t\t\t\t\t\t\t\t<a class=\"elementor-toggle-title\" tabindex=\"0\">W\u00e4scherei<\/a>\n\t\t\t\t\t<\/div>\n\n\t\t\t\t\t<div id=\"elementor-tab-content-15513\" class=\"elementor-tab-content elementor-clearfix\" data-tab=\"13\" role=\"region\" aria-labelledby=\"elementor-tab-title-15513\"><p>Waschmaschinen und W\u00e4schetrockner befinden sich in den Servicegeb\u00e4uden. Waschmittel und Klarsp\u00fcler m\u00fcssen Sie selbst mitbringen. Eine W\u00e4sche bei 40 Grad kostet DKK 30,-, eine W\u00e4sche bei 60 Grad DKK 40,-. Die Trockner kosten DKK 1,- pro Minute.<\/p>\n<p>Die Maschinen erhalten 1, 2, 5 und 10 Kronen. Wechselgeld ist an der Rezeption erh\u00e4ltlich.<\/p>\n<p>Der Zugang zur W\u00e4scherei erfolgt mit Ihrer Zugangskarte. Sie ist 24 Stunden am Tag ge\u00f6ffnet.<\/p>\n<\/div>\n\t\t\t\t<\/div>\n\t\t\t\t\t\t\t<div class=\"elementor-toggle-item\">\n\t\t\t\t\t<div id=\"elementor-tab-title-15514\" class=\"elementor-tab-title\" data-tab=\"14\" role=\"button\" aria-controls=\"elementor-tab-content-15514\" aria-expanded=\"false\">\n\t\t\t\t\t\t\t\t\t\t\t\t<span class=\"elementor-toggle-icon elementor-toggle-icon-left\" aria-hidden=\"true\">\n\t\t\t\t\t\t\t\t\t\t\t\t\t\t\t<span class=\"elementor-toggle-icon-closed\"><i class=\"fas fa-caret-right\"><\/i><\/span>\n\t\t\t\t\t\t\t\t<span class=\"elementor-toggle-icon-opened\"><i class=\"elementor-toggle-icon-opened fas fa-caret-up\"><\/i><\/span>\n\t\t\t\t\t\t\t\t\t\t\t\t\t<\/span>\n\t\t\t\t\t\t\t\t\t\t\t\t<a class=\"elementor-toggle-title\" tabindex=\"0\">Ruhezeit und Zugangsbarriere<\/a>\n\t\t\t\t\t<\/div>\n\n\t\t\t\t\t<div id=\"elementor-tab-content-15514\" class=\"elementor-tab-content elementor-clearfix\" data-tab=\"14\" role=\"region\" aria-labelledby=\"elementor-tab-title-15514\"><p>Die St\u00e4nde sind von 7.00 bis 23.00 Uhr ge\u00f6ffnet. Wenn Sie au\u00dferhalb dieser Zeiten am Feddet ankommen, parken Sie bitte auf dem Strandparkplatz, der 24 Stunden am Tag ge\u00f6ffnet ist. Wenn der Mast wider Erwarten zwischen 23.00 und 7.00 Uhr gehoben werden muss, wird eine Geb\u00fchr von 350 DKK erhoben. Dies gilt jedoch nicht f\u00fcr Notsituationen.<\/p>\n<\/div>\n\t\t\t\t<\/div>\n\t\t\t\t\t\t\t<div class=\"elementor-toggle-item\">\n\t\t\t\t\t<div id=\"elementor-tab-title-15515\" class=\"elementor-tab-title\" data-tab=\"15\" role=\"button\" aria-controls=\"elementor-tab-content-15515\" aria-expanded=\"false\">\n\t\t\t\t\t\t\t\t\t\t\t\t<span class=\"elementor-toggle-icon elementor-toggle-icon-left\" aria-hidden=\"true\">\n\t\t\t\t\t\t\t\t\t\t\t\t\t\t\t<span class=\"elementor-toggle-icon-closed\"><i class=\"fas fa-caret-right\"><\/i><\/span>\n\t\t\t\t\t\t\t\t<span class=\"elementor-toggle-icon-opened\"><i class=\"elementor-toggle-icon-opened fas fa-caret-up\"><\/i><\/span>\n\t\t\t\t\t\t\t\t\t\t\t\t\t<\/span>\n\t\t\t\t\t\t\t\t\t\t\t\t<a class=\"elementor-toggle-title\" tabindex=\"0\">Die \u00d6ffnungszeiten<\/a>\n\t\t\t\t\t<\/div>\n\n\t\t\t\t\t<div id=\"elementor-tab-content-15515\" class=\"elementor-tab-content elementor-clearfix\" data-tab=\"15\" role=\"region\" aria-labelledby=\"elementor-tab-title-15515\"><style>csw-activity-calendar::part(activity-text) {\n  font-size: 14px !important;\n  font-family: Lato;<\/p>\n<p>}<\/style>\n<p><csw-activity-calendar code=\"ec0748ec-13ff-49f5-88f5-bcffcea3443f\"><br \/>\n  <csw-activity-calendar-filter><\/csw-activity-calendar-filter><br \/>\n  <csw-activity-calendar-locations><\/csw-activity-calendar-locations><br \/>\n  <csw-activity-calendar-events><\/csw-activity-calendar-events><br \/>\n  <csw-activity-calendar-actions><\/csw-activity-calendar-actions><br \/>\n<\/csw-activity-calendar><br \/>\n<script src=\"https:\/\/shared.compusuite.dk\/loaders\/activity-calendar.js\"><\/script><\/p>\n<\/div>\n\t\t\t\t<\/div>\n\t\t\t\t\t\t\t<div class=\"elementor-toggle-item\">\n\t\t\t\t\t<div id=\"elementor-tab-title-15516\" class=\"elementor-tab-title\" data-tab=\"16\" role=\"button\" aria-controls=\"elementor-tab-content-15516\" aria-expanded=\"false\">\n\t\t\t\t\t\t\t\t\t\t\t\t<span class=\"elementor-toggle-icon elementor-toggle-icon-left\" aria-hidden=\"true\">\n\t\t\t\t\t\t\t\t\t\t\t\t\t\t\t<span class=\"elementor-toggle-icon-closed\"><i class=\"fas fa-caret-right\"><\/i><\/span>\n\t\t\t\t\t\t\t\t<span class=\"elementor-toggle-icon-opened\"><i class=\"elementor-toggle-icon-opened fas fa-caret-up\"><\/i><\/span>\n\t\t\t\t\t\t\t\t\t\t\t\t\t<\/span>\n\t\t\t\t\t\t\t\t\t\t\t\t<a class=\"elementor-toggle-title\" tabindex=\"0\">TV<\/a>\n\t\t\t\t\t<\/div>\n\n\t\t\t\t\t<div id=\"elementor-tab-content-15516\" class=\"elementor-tab-content elementor-clearfix\" data-tab=\"16\" role=\"region\" aria-labelledby=\"elementor-tab-title-15516\"><p>In der Kabine gibt es einen Fernseher, auf dem Sie die folgenden Kan\u00e4le sehen k\u00f6nnen: DR-Kan\u00e4le, Lokalkan\u00e4le, TV2, TV3, 3+ und unseren eigenen Infokanal.<\/p>\n<p>Wenn einer oder mehrere dieser Kan\u00e4le fehlen, m\u00fcssen Sie einen Sendersuchlauf auf Ihrem Fernsehger\u00e4t durchf\u00fchren.<\/p>\n<p>Dies geschieht auf folgende Weise:<\/p>\n<ol>\n<li>Dr\u00fccken Sie das rote Geh\u00e4use auf der Fernbedienung.<\/li>\n<li>Dr\u00fccken Sie nach unten, bis Sie den Men\u00fcpunkt <strong>Einstellungen<\/strong> erreichen.<\/li>\n<li>Dr\u00fccken Sie den Pfeil nach rechts, bis Sie zu <strong>Installation<\/strong> gelangen, und dr\u00fccken Sie OK.<\/li>\n<li>W\u00e4hlen Sie <strong>Automatische Sendersuche<\/strong>.<\/li>\n<li>W\u00e4hlen Sie <strong>Digitale Antenne<\/strong>.<\/li>\n<li>Tippen Sie auf<strong> Ja<\/strong>, um eine neue Sendersuche zu starten.<\/li>\n<li>Das Fernsehger\u00e4t sucht jetzt nach Kan\u00e4len. Wenn die Suche abgeschlossen ist, dr\u00fccken Sie <strong>ok<\/strong>, um zu fragen, ob die Liste \u00fcberschrieben werden soll.<\/li>\n<li>Beenden Sie den Vorgang durch Dr\u00fccken von exit auf der Fernbedienung.<\/li>\n<\/ol>\n<\/div>\n\t\t\t\t<\/div>\n\t\t\t\t\t\t\t<div class=\"elementor-toggle-item\">\n\t\t\t\t\t<div id=\"elementor-tab-title-15517\" class=\"elementor-tab-title\" data-tab=\"17\" role=\"button\" aria-controls=\"elementor-tab-content-15517\" aria-expanded=\"false\">\n\t\t\t\t\t\t\t\t\t\t\t\t<span class=\"elementor-toggle-icon elementor-toggle-icon-left\" aria-hidden=\"true\">\n\t\t\t\t\t\t\t\t\t\t\t\t\t\t\t<span class=\"elementor-toggle-icon-closed\"><i class=\"fas fa-caret-right\"><\/i><\/span>\n\t\t\t\t\t\t\t\t<span class=\"elementor-toggle-icon-opened\"><i class=\"elementor-toggle-icon-opened fas fa-caret-up\"><\/i><\/span>\n\t\t\t\t\t\t\t\t\t\t\t\t\t<\/span>\n\t\t\t\t\t\t\t\t\t\t\t\t<a class=\"elementor-toggle-title\" tabindex=\"0\">Notruftelefon<\/a>\n\t\t\t\t\t<\/div>\n\n\t\t\t\t\t<div id=\"elementor-tab-content-15517\" class=\"elementor-tab-content elementor-clearfix\" data-tab=\"17\" role=\"region\" aria-labelledby=\"elementor-tab-title-15517\"><p data-start=\"130\" data-end=\"222\">Wenn Sie au\u00dferhalb unserer \u00d6ffnungszeiten dringend Hilfe ben\u00f6tigen, k\u00f6nnen Sie uns unter <strong data-start=\"206\" data-end=\"221\">56 72 52 06<\/strong> erreichen.<\/p>\n<p data-start=\"224\" data-end=\"316\">Bitte beachten Sie, dass f\u00fcr Anfragen, die keine Notf\u00e4lle sind, au\u00dferhalb der \u00d6ffnungszeiten eine Geb\u00fchr von <strong data-start=\"305\" data-end=\"316\">300 DKK<\/strong> erhoben wird <strong data-start=\"305\" data-end=\"316\">.<\/strong><\/p>\n<\/div>\n\t\t\t\t<\/div>\n\t\t\t\t\t\t\t\t<\/div>\n\t\t\t\t\t\t<\/div>\n\t\t\t\t<\/div>\n\t\t\t\t<div class=\"elementor-element elementor-element-4402e17 exad-sticky-section-no exad-glass-effect-no elementor-widget elementor-widget-text-editor\" data-id=\"4402e17\" data-element_type=\"widget\" data-widget_type=\"text-editor.default\">\n\t\t\t\t<div class=\"elementor-widget-container\">\n\t\t\t\t\t\t\t\t\t<h3 dir=\"ltr\"><strong style=\"color: inherit; letter-spacing: 0px;\">\u00dcberpr\u00fcfen Sie<\/strong><\/h3>\n<p>Bei der Abreise m\u00fcssen die M\u00f6bel und Einrichtungsgegenst\u00e4nde zur\u00fcckgestellt werden. Die H\u00fctte wird aufger\u00e4umt, das Geschirr in den Geschirrsp\u00fcler geladen und gestartet, der M\u00fclleimer wird geleert und der M\u00fcll zum Recyclinghof gebracht.<\/p>\n<p dir=\"ltr\">Am Tag der Abreise muss die Kabine bis sp\u00e4testens 11.00 Uhr ger\u00e4umt sein. Es ist m\u00f6glich, Einrichtungen wie GameZone, PlayZone, Fitness und Pool &amp; Spa am Tag der Abreise zu nutzen, auch nach 11:00 Uhr. Bitte informieren Sie die Rezeption beim Check-out. <br \/>Sie k\u00f6nnen Ihr Auto am Tag der Abreise kostenlos auf den Parkpl\u00e4tzen abstellen und bis sp\u00e4testens 16:00 Uhr auschecken. Allerdings nur, wenn am selben Tag keine andere Person anreist, fragen Sie bitte an der Rezeption nach. Dies gilt nur au\u00dferhalb der Schulferien.<\/p>\n<div>\n<h3 dir=\"ltr\"><strong>Die Spa Lodge enth\u00e4lt<\/strong><\/h3>\n<p dir=\"ltr\"><strong>Innenarchitektur<\/strong><\/p>\n<p dir=\"ltr\"><em><strong>Wohnzimmer und K\u00fcche<\/strong><\/em><br \/>Schlafsofa, Esstisch, Fu\u00dfbodenheizung, 4 St\u00fchle, Flachbildfernseher, Backofen, K\u00fchl-\/Gefrierschrank, Geschirrsp\u00fcler, Kochfeld.<\/p>\n<p dir=\"ltr\"><em><strong>Badezimmer<\/strong><\/em><br \/>Fu\u00dfbodenheizung, Dusche und Toilette.<\/p>\n<p dir=\"ltr\"><em><strong>Zimmer 1<\/strong><\/em><br \/>2 x Einzelbetten mit der M\u00f6glichkeit, diese miteinander zu verbinden, Abstellschrank, Fu\u00dfbodenheizung.<\/p>\n<p dir=\"ltr\"><em><strong>Zimmer 2<\/strong><\/em><br \/>2 x Einzelbetten mit der M\u00f6glichkeit der Verbindung, Etagenbett f\u00fcr max. 70kg, Schrank zur Aufbewahrung, Fu\u00dfbodenheizung.<\/p>\n<p dir=\"ltr\"><em><strong>\u00dcberdachte Terrasse in S\u00fcdlage<\/strong><\/em><br \/>Gartentisch, 4 St\u00fchle, Terrassenheizung.<\/p>\n<p dir=\"ltr\"><em><strong>Au\u00dfenterrasse<\/strong><\/em><br \/>Outdoor-Spa, 2 Sonnenliegen, Gasgrill mit Gas, Lounge-Sofa und Outdoor-Regendusche (au\u00dfer im Winter).<\/p>\n<\/div>\n\t\t\t\t\t\t\t\t<\/div>\n\t\t\t\t<\/div>\n\t\t\t\t<div class=\"elementor-element elementor-element-261195d exad-sticky-section-no exad-glass-effect-no elementor-widget elementor-widget-button\" data-id=\"261195d\" data-element_type=\"widget\" data-widget_type=\"button.default\">\n\t\t\t\t<div class=\"elementor-widget-container\">\n\t\t\t\t\t\t\t\t\t<div class=\"elementor-button-wrapper\">\n\t\t\t\t\t<a class=\"elementor-button elementor-button-link elementor-size-md\" href=\"https:\/\/app.feddet.dk\/wp-content\/uploads\/2025\/05\/Spa-Lodge.pdf\">\n\t\t\t\t\t\t<span class=\"elementor-button-content-wrapper\">\n\t\t\t\t\t\t\t\t\t<span class=\"elementor-button-text\">Sehen Sie die vollst\u00e4ndige Inventarliste hier<\/span>\n\t\t\t\t\t<\/span>\n\t\t\t\t\t<\/a>\n\t\t\t\t<\/div>\n\t\t\t\t\t\t\t\t<\/div>\n\t\t\t\t<\/div>\n\t\t\t\t<div class=\"elementor-element elementor-element-475fa75 exad-sticky-section-no exad-glass-effect-no elementor-widget elementor-widget-spacer\" data-id=\"475fa75\" data-element_type=\"widget\" data-widget_type=\"spacer.default\">\n\t\t\t\t<div class=\"elementor-widget-container\">\n\t\t\t\t\t\t\t<div class=\"elementor-spacer\">\n\t\t\t<div class=\"elementor-spacer-inner\"><\/div>\n\t\t<\/div>\n\t\t\t\t\t\t<\/div>\n\t\t\t\t<\/div>\n\t\t\t\t\t<\/div>\n\t\t<\/div>\n\t\t\t\t\t<\/div>\n\t\t<\/section>\n\t\t\t\t<\/div>\n\t\t","protected":false},"featured_media":1919,"template":"elementor_header_footer","overnatningstype":[41],"class_list":["post-2458","overnatning","type-overnatning","status-publish","has-post-thumbnail","hentry","overnatningstype-hytter-de"],"acf":[],"_links":{"self":[{"href":"https:\/\/app.feddet.dk\/de\/wp-json\/wp\/v2\/overnatning\/2458","targetHints":{"allow":["GET"]}}],"collection":[{"href":"https:\/\/app.feddet.dk\/de\/wp-json\/wp\/v2\/overnatning"}],"about":[{"href":"https:\/\/app.feddet.dk\/de\/wp-json\/wp\/v2\/types\/overnatning"}],"version-history":[{"count":31,"href":"https:\/\/app.feddet.dk\/de\/wp-json\/wp\/v2\/overnatning\/2458\/revisions"}],"predecessor-version":[{"id":7279,"href":"https:\/\/app.feddet.dk\/de\/wp-json\/wp\/v2\/overnatning\/2458\/revisions\/7279"}],"wp:featuredmedia":[{"embeddable":true,"href":"https:\/\/app.feddet.dk\/de\/wp-json\/wp\/v2\/media\/1919"}],"wp:attachment":[{"href":"https:\/\/app.feddet.dk\/de\/wp-json\/wp\/v2\/media?parent=2458"}],"wp:term":[{"taxonomy":"overnatningstype","embeddable":true,"href":"https:\/\/app.feddet.dk\/de\/wp-json\/wp\/v2\/overnatningstype?post=2458"}],"curies":[{"name":"wp","href":"https:\/\/api.w.org\/{rel}","templated":true}]}}